{"id":718,"date":"2023-10-10T07:30:07","date_gmt":"2023-10-10T07:30:07","guid":{"rendered":"https:\/\/alberguesosdelreycatolico.es\/?post_type=project&#038;p=718"},"modified":"2026-03-04T10:57:33","modified_gmt":"2026-03-04T10:57:33","slug":"descubre-sos-del-rey-catolico","status":"publish","type":"project","link":"https:\/\/alberguesosdelreycatolico.es\/index.php\/project\/descubre-sos-del-rey-catolico\/","title":{"rendered":"Descubre Sos del Rey Cat\u00f3lico"},"content":{"rendered":"<p>[et_pb_section fb_built=\u00bb1&#8243; _builder_version=\u00bb4.22.2&#8243; _module_preset=\u00bbdefault\u00bb collapsed=\u00bbon\u00bb global_colors_info=\u00bb{}\u00bb][et_pb_row _builder_version=\u00bb4.22.2&#8243; _module_preset=\u00bbdefault\u00bb global_colors_info=\u00bb{}\u00bb][et_pb_column type=\u00bb4_4&#8243; _builder_version=\u00bb4.22.2&#8243; _module_preset=\u00bbdefault\u00bb global_colors_info=\u00bb{}\u00bb][et_pb_text _builder_version=\u00bb4.22.2&#8243; _module_preset=\u00bbb93b7015-cd5d-4e58-a627-a8a47e708327&#8243; text_orientation=\u00bbcenter\u00bb global_colors_info=\u00bb{}\u00bb]<\/p>\n<h1 style=\"text-align: center;\">Descubre Sos del Rey Cat\u00f3lico<\/h1>\n<p>[\/et_pb_text][et_pb_text _builder_version=\u00bb4.22.2&#8243; _module_preset=\u00bbb93b7015-cd5d-4e58-a627-a8a47e708327&#8243; text_orientation=\u00bbcenter\u00bb global_colors_info=\u00bb{}\u00bb]<\/p>\n<h2 style=\"text-align: center;\">Deporte &amp; Naturaleza<\/h2>\n<p>[\/et_pb_text][\/et_pb_column][\/et_pb_row][\/et_pb_section][et_pb_section fb_built=\u00bb1&#8243; admin_label=\u00bbdeporte y naturaleza\u00bb _builder_version=\u00bb4.22.2&#8243; _module_preset=\u00bbdefault\u00bb saved_tabs=\u00bball\u00bb collapsed=\u00bbon\u00bb global_colors_info=\u00bb{}\u00bb][et_pb_row column_structure=\u00bb1_2,1_2&#8243; make_equal=\u00bbon\u00bb custom_padding_last_edited=\u00bbon|desktop\u00bb admin_label=\u00bbfila 1 \u00bb _builder_version=\u00bb4.22.2&#8243; _module_preset=\u00bbdefault\u00bb max_width=\u00bb1440px\u00bb custom_padding_tablet=\u00bb||0px||false|false\u00bb custom_padding_phone=\u00bb||0px||false|false\u00bb collapsed=\u00bbon\u00bb global_colors_info=\u00bb{}\u00bb][et_pb_column type=\u00bb1_2&#8243; _builder_version=\u00bb4.22.2&#8243; _module_preset=\u00bbdefault\u00bb use_background_color_gradient=\u00bbon\u00bb background_color_gradient_stops=\u00bbrgba(0,0,0,0.5) 0%|rgba(0,0,0,0.5) 100%\u00bb background_color_gradient_overlays_image=\u00bbon\u00bb background_image=\u00bbhttps:\/\/alberguesosdelreycatolico.es\/wp-content\/uploads\/2023\/10\/imagen-exatrda-de-la-web.jpg\u00bb custom_padding=\u00bb80px|60px|80px|60px|true|true\u00bb custom_padding_tablet=\u00bb30px|30px|30px|30px|true|true\u00bb custom_padding_phone=\u00bb20px|20px|20px|20px|true|true\u00bb custom_padding_last_edited=\u00bbon|desktop\u00bb global_colors_info=\u00bb{}\u00bb background__hover_enabled=\u00bbon|hover\u00bb background_color_gradient_stops__hover=\u00bbrgba(0,0,0,0.6) 0%|rgba(0,0,0,0.6) 99%\u00bb use_background_color_gradient__hover=\u00bbon\u00bb][et_pb_text _builder_version=\u00bb4.22.2&#8243; _module_preset=\u00bb07763b0d-75cd-4d4a-83e8-2f3aed515ec5&#8243; header_4_text_color=\u00bb#FFFFFF\u00bb text_orientation=\u00bbcenter\u00bb text_text_shadow_style=\u00bbpreset2&#8243; header_text_shadow_style=\u00bbpreset1&#8243; global_colors_info=\u00bb{}\u00bb]<\/p>\n<h4><strong>MONASTERIO<\/strong><\/h4>\n<p>[\/et_pb_text][et_pb_text _builder_version=\u00bb4.22.2&#8243; _module_preset=\u00bbf56dea0f-8acc-4b6f-8794-813bd97eaee1&#8243; header_3_text_color=\u00bb#FFFFFF\u00bb text_orientation=\u00bbcenter\u00bb custom_margin=\u00bb||10px||false|false\u00bb global_colors_info=\u00bb{}\u00bb]<\/p>\n<h3>VALENTU\u00d1ANA<\/h3>\n<p>[\/et_pb_text][et_pb_button button_text=\u00bb ideal para peques \ud83d\udc69\u200d\ud83d\udc67\u200d\ud83d\udc66\u00bb button_alignment=\u00bbcenter\u00bb _builder_version=\u00bb4.27.3&#8243; _module_preset=\u00bbdd077156-91e7-45fd-9b86-08b2ca4e8e5e\u00bb hover_enabled=\u00bb0&#8243; global_colors_info=\u00bb{}\u00bb sticky_enabled=\u00bb0&#8243;][\/et_pb_button][\/et_pb_column][et_pb_column type=\u00bb1_2&#8243; _builder_version=\u00bb4.22.2&#8243; _module_preset=\u00bbdefault\u00bb use_background_color_gradient=\u00bbon\u00bb background_color_gradient_stops=\u00bbrgba(0,0,0,0.3) 0%|rgba(0,0,0,0.3) 100%\u00bb background_color_gradient_overlays_image=\u00bbon\u00bb background_image=\u00bbhttps:\/\/alberguesosdelreycatolico.es\/wp-content\/uploads\/2023\/10\/httpwww.sosdelreycatolico.comcontenidomonasterio-e-iglesia-de-valentunana-s-xvii.jpg\u00bb custom_padding=\u00bb80px|60px|80px|60px|true|true\u00bb custom_padding_tablet=\u00bb30px|30px|30px|30px|true|true\u00bb custom_padding_phone=\u00bb20px|20px|20px|20px|true|true\u00bb custom_padding_last_edited=\u00bbon|desktop\u00bb global_colors_info=\u00bb{}\u00bb background__hover_enabled=\u00bbon|desktop\u00bb background_color_gradient_stops__hover=\u00bbrgba(0,0,0,0.6) 0%|rgba(0,0,0,0.6) 100%\u00bb use_background_color_gradient__hover=\u00bbon\u00bb][et_pb_text _builder_version=\u00bb4.22.2&#8243; _module_preset=\u00bb07763b0d-75cd-4d4a-83e8-2f3aed515ec5&#8243; header_4_text_color=\u00bb#FFFFFF\u00bb text_orientation=\u00bbcenter\u00bb text_text_shadow_style=\u00bbpreset2&#8243; header_text_shadow_style=\u00bbpreset1&#8243; global_colors_info=\u00bb{}\u00bb]<\/p>\n<h4>RUTA URBANA<\/h4>\n<p>[\/et_pb_text][et_pb_text _builder_version=\u00bb4.22.2&#8243; _module_preset=\u00bbf56dea0f-8acc-4b6f-8794-813bd97eaee1&#8243; header_3_text_color=\u00bb#FFFFFF\u00bb text_orientation=\u00bbcenter\u00bb custom_margin=\u00bb||10px||false|false\u00bb global_colors_info=\u00bb{}\u00bb]<\/p>\n<h3>LOS SIETE PORTALES<\/h3>\n<p>[\/et_pb_text][et_pb_button button_text=\u00bb ideal para peques \ud83d\udc69\u200d\ud83d\udc67\u200d\ud83d\udc66\u00bb button_alignment=\u00bbcenter\u00bb _builder_version=\u00bb4.27.3&#8243; _module_preset=\u00bbdd077156-91e7-45fd-9b86-08b2ca4e8e5e\u00bb hover_enabled=\u00bb0&#8243; global_colors_info=\u00bb{}\u00bb sticky_enabled=\u00bb0&#8243;][\/et_pb_button][\/et_pb_column][\/et_pb_row][et_pb_row column_structure=\u00bb2_5,3_5&#8243; make_equal=\u00bbon\u00bb admin_label=\u00bbfila 2 \u00bb _builder_version=\u00bb4.22.2&#8243; _module_preset=\u00bbdefault\u00bb max_width=\u00bb1440px\u00bb collapsed=\u00bbon\u00bb global_colors_info=\u00bb{}\u00bb][et_pb_column type=\u00bb2_5&#8243; _builder_version=\u00bb4.22.2&#8243; _module_preset=\u00bbdefault\u00bb use_background_color_gradient=\u00bbon\u00bb background_color_gradient_stops=\u00bbrgba(0,0,0,0.3) 0%|rgba(0,0,0,0.3) 100%\u00bb background_color_gradient_overlays_image=\u00bbon\u00bb background_image=\u00bbhttps:\/\/alberguesosdelreycatolico.es\/wp-content\/uploads\/2023\/10\/httpwww.sosdelreycatolico.comcontenidomonasterio-e-iglesia-de-valentunana-s-xvii.jpg\u00bb custom_padding=\u00bb60px|60px|60px|60px|true|true\u00bb custom_padding_tablet=\u00bb30px|30px|30px|30px|true|true\u00bb custom_padding_phone=\u00bb20px|20px|20px|20px|true|true\u00bb custom_padding_last_edited=\u00bbon|desktop\u00bb global_colors_info=\u00bb{}\u00bb background__hover_enabled=\u00bbon|desktop\u00bb background_color_gradient_stops__hover=\u00bbrgba(0,0,0,0.6) 0%|rgba(0,0,0,0.6) 100%\u00bb use_background_color_gradient__hover=\u00bbon\u00bb][et_pb_text _builder_version=\u00bb4.22.2&#8243; _module_preset=\u00bb07763b0d-75cd-4d4a-83e8-2f3aed515ec5&#8243; header_4_text_color=\u00bb#FFFFFF\u00bb text_orientation=\u00bbcenter\u00bb text_text_shadow_style=\u00bbpreset2&#8243; header_text_shadow_style=\u00bbpreset1&#8243; global_colors_info=\u00bb{}\u00bb]<\/p>\n<h4><strong>MINI RUTA<\/strong><\/h4>\n<p>[\/et_pb_text][et_pb_text _builder_version=\u00bb4.22.2&#8243; _module_preset=\u00bbf56dea0f-8acc-4b6f-8794-813bd97eaee1&#8243; header_3_text_color=\u00bb#FFFFFF\u00bb text_orientation=\u00bbcenter\u00bb custom_margin=\u00bb||10px||false|false\u00bb global_colors_info=\u00bb{}\u00bb]<\/p>\n<h3>A LA FUENTE DE CALDER\u00d3N<\/h3>\n<p>[\/et_pb_text][et_pb_button button_text=\u00bbespecial para peques \ud83d\udc69\u200d\ud83d\udc67\u200d\ud83d\udc66\u00bb button_alignment=\u00bbcenter\u00bb _builder_version=\u00bb4.27.3&#8243; _module_preset=\u00bbdd077156-91e7-45fd-9b86-08b2ca4e8e5e\u00bb hover_enabled=\u00bb0&#8243; global_colors_info=\u00bb{}\u00bb sticky_enabled=\u00bb0&#8243;][\/et_pb_button][\/et_pb_column][et_pb_column type=\u00bb3_5&#8243; _builder_version=\u00bb4.22.2&#8243; _module_preset=\u00bbdefault\u00bb use_background_color_gradient=\u00bbon\u00bb background_color_gradient_stops=\u00bbrgba(0,0,0,0.4) 0%|rgba(0,0,0,0.4) 100%\u00bb background_color_gradient_overlays_image=\u00bbon\u00bb background_image=\u00bbhttps:\/\/alberguesosdelreycatolico.es\/wp-content\/uploads\/2023\/10\/pexels-alesia-kozik-7916016.jpg\u00bb custom_padding=\u00bb60px|60px|60px|60px|true|true\u00bb custom_padding_tablet=\u00bb30px|30px|30px|30px|true|true\u00bb custom_padding_phone=\u00bb20px|20px|20px|20px|true|true\u00bb custom_padding_last_edited=\u00bbon|desktop\u00bb global_colors_info=\u00bb{}\u00bb background__hover_enabled=\u00bbon|desktop\u00bb background_color_gradient_stops__hover=\u00bbrgba(0,0,0,0.6) 0%|rgba(0,0,0,0.6) 100%\u00bb use_background_color_gradient__hover=\u00bbon\u00bb][et_pb_text _builder_version=\u00bb4.22.2&#8243; _module_preset=\u00bb07763b0d-75cd-4d4a-83e8-2f3aed515ec5&#8243; header_4_text_color=\u00bb#FFFFFF\u00bb text_orientation=\u00bbcenter\u00bb text_text_shadow_style=\u00bbpreset2&#8243; header_text_shadow_style=\u00bbpreset1&#8243; global_colors_info=\u00bb{}\u00bb]<\/p>\n<h4><strong>F\u00c1CIL PERO LARGA<\/strong><\/h4>\n<p>[\/et_pb_text][et_pb_text _builder_version=\u00bb4.22.2&#8243; _module_preset=\u00bbf56dea0f-8acc-4b6f-8794-813bd97eaee1&#8243; header_3_text_color=\u00bb#FFFFFF\u00bb text_orientation=\u00bbcenter\u00bb custom_margin=\u00bb||10px||false|false\u00bb global_colors_info=\u00bb{}\u00bb]<\/p>\n<h3>CASTILLO DE ROITA<\/h3>\n<p>[\/et_pb_text][et_pb_button button_text=\u00bbideal con peques \ud83d\udc69\u200d\ud83d\udc67\u200d\ud83d\udc66\u00bb button_alignment=\u00bbcenter\u00bb _builder_version=\u00bb4.27.3&#8243; _module_preset=\u00bbdd077156-91e7-45fd-9b86-08b2ca4e8e5e\u00bb hover_enabled=\u00bb0&#8243; global_colors_info=\u00bb{}\u00bb sticky_enabled=\u00bb0&#8243;][\/et_pb_button][\/et_pb_column][\/et_pb_row][et_pb_row column_structure=\u00bb1_2,1_2&#8243; make_equal=\u00bbon\u00bb custom_padding_last_edited=\u00bbon|desktop\u00bb admin_label=\u00bbfila 3&#8243; _builder_version=\u00bb4.22.2&#8243; _module_preset=\u00bbdefault\u00bb max_width=\u00bb1440px\u00bb custom_padding_tablet=\u00bb||0px||false|false\u00bb custom_padding_phone=\u00bb||0px||false|false\u00bb collapsed=\u00bbon\u00bb global_colors_info=\u00bb{}\u00bb][et_pb_column type=\u00bb1_2&#8243; _builder_version=\u00bb4.22.2&#8243; _module_preset=\u00bbdefault\u00bb use_background_color_gradient=\u00bbon\u00bb background_color_gradient_stops=\u00bbrgba(0,0,0,0.5) 0%|rgba(0,0,0,0.5) 100%\u00bb background_color_gradient_overlays_image=\u00bbon\u00bb background_image=\u00bbhttps:\/\/alberguesosdelreycatolico.es\/wp-content\/uploads\/2023\/10\/pexels-eva-bronzini-6087685.jpg\u00bb custom_padding=\u00bb80px|60px|80px|60px|true|true\u00bb custom_padding_tablet=\u00bb30px|30px|30px|30px|true|true\u00bb custom_padding_phone=\u00bb20px|20px|20px|20px|true|true\u00bb custom_padding_last_edited=\u00bbon|desktop\u00bb global_colors_info=\u00bb{}\u00bb background__hover_enabled=\u00bbon|hover\u00bb background_color_gradient_stops__hover=\u00bbrgba(0,0,0,0.6) 0%|rgba(0,0,0,0.6) 99%\u00bb use_background_color_gradient__hover=\u00bbon\u00bb][et_pb_text _builder_version=\u00bb4.22.2&#8243; _module_preset=\u00bb07763b0d-75cd-4d4a-83e8-2f3aed515ec5&#8243; header_4_text_color=\u00bb#FFFFFF\u00bb text_orientation=\u00bbcenter\u00bb text_text_shadow_style=\u00bbpreset2&#8243; header_text_shadow_style=\u00bbpreset1&#8243; global_colors_info=\u00bb{}\u00bb]<\/p>\n<h4><strong>RECORRIDO LINEAL<\/strong><\/h4>\n<p>[\/et_pb_text][et_pb_text _builder_version=\u00bb4.22.2&#8243; _module_preset=\u00bbf56dea0f-8acc-4b6f-8794-813bd97eaee1&#8243; header_3_text_color=\u00bb#FFFFFF\u00bb text_orientation=\u00bbcenter\u00bb custom_margin=\u00bb||10px||false|false\u00bb global_colors_info=\u00bb{}\u00bb]<\/p>\n<h3>TORRE DE A\u00d1U\u00c9S<\/h3>\n<p>[\/et_pb_text][et_pb_button button_text=\u00bbcon\u00f3celo\u00bb button_alignment=\u00bbcenter\u00bb _builder_version=\u00bb4.27.3&#8243; _module_preset=\u00bbdd077156-91e7-45fd-9b86-08b2ca4e8e5e\u00bb hover_enabled=\u00bb0&#8243; global_colors_info=\u00bb{}\u00bb sticky_enabled=\u00bb0&#8243;][\/et_pb_button][\/et_pb_column][et_pb_column type=\u00bb1_2&#8243; _builder_version=\u00bb4.22.2&#8243; _module_preset=\u00bbdefault\u00bb use_background_color_gradient=\u00bbon\u00bb background_color_gradient_stops=\u00bbrgba(0,0,0,0.3) 0%|rgba(0,0,0,0.3) 100%\u00bb background_color_gradient_overlays_image=\u00bbon\u00bb background_image=\u00bbhttps:\/\/alberguesosdelreycatolico.es\/wp-content\/uploads\/2023\/10\/pexels-pixabay-531896-scaled.jpg\u00bb custom_padding=\u00bb80px|60px|80px|60px|true|true\u00bb custom_padding_tablet=\u00bb30px|30px|30px|30px|true|true\u00bb custom_padding_phone=\u00bb20px|20px|20px|20px|true|true\u00bb custom_padding_last_edited=\u00bbon|desktop\u00bb global_colors_info=\u00bb{}\u00bb background__hover_enabled=\u00bbon|desktop\u00bb background_color_gradient_stops__hover=\u00bbrgba(0,0,0,0.6) 0%|rgba(0,0,0,0.6) 100%\u00bb use_background_color_gradient__hover=\u00bbon\u00bb][et_pb_text _builder_version=\u00bb4.22.2&#8243; _module_preset=\u00bb07763b0d-75cd-4d4a-83e8-2f3aed515ec5&#8243; header_4_text_color=\u00bb#FFFFFF\u00bb text_orientation=\u00bbcenter\u00bb text_text_shadow_style=\u00bbpreset2&#8243; header_text_shadow_style=\u00bbpreset1&#8243; global_colors_info=\u00bb{}\u00bb]<\/p>\n<h4>MUY CERCA<\/h4>\n<p>[\/et_pb_text][et_pb_text _builder_version=\u00bb4.22.2&#8243; _module_preset=\u00bbf56dea0f-8acc-4b6f-8794-813bd97eaee1&#8243; header_3_text_color=\u00bb#FFFFFF\u00bb text_orientation=\u00bbcenter\u00bb custom_margin=\u00bb||10px||false|false\u00bb global_colors_info=\u00bb{}\u00bb]<\/p>\n<h3 class=\"calendas-title-large\" role=\"heading\" aria-level=\"1\">PUENTE DE UNCASTILLO<\/h3>\n<p>[\/et_pb_text][et_pb_button button_text=\u00bbdesc\u00e1rgate el track\u00bb button_alignment=\u00bbcenter\u00bb admin_label=\u00bbBot\u00f3n\u00bb _builder_version=\u00bb4.27.3&#8243; _module_preset=\u00bbdd077156-91e7-45fd-9b86-08b2ca4e8e5e\u00bb hover_enabled=\u00bb0&#8243; locked=\u00bboff\u00bb global_colors_info=\u00bb{}\u00bb sticky_enabled=\u00bb0&#8243;][\/et_pb_button][\/et_pb_column][\/et_pb_row][et_pb_row column_structure=\u00bb2_5,3_5&#8243; make_equal=\u00bbon\u00bb admin_label=\u00bbfila 4&#8243; _builder_version=\u00bb4.22.2&#8243; _module_preset=\u00bbdefault\u00bb max_width=\u00bb1440px\u00bb collapsed=\u00bbon\u00bb global_colors_info=\u00bb{}\u00bb][et_pb_column type=\u00bb2_5&#8243; _builder_version=\u00bb4.22.2&#8243; _module_preset=\u00bbdefault\u00bb use_background_color_gradient=\u00bbon\u00bb background_color_gradient_stops=\u00bbrgba(0,0,0,0.3) 0%|rgba(0,0,0,0.3) 100%\u00bb background_color_gradient_overlays_image=\u00bbon\u00bb background_image=\u00bbhttps:\/\/alberguesosdelreycatolico.es\/wp-content\/uploads\/2023\/10\/pexels-jan-kopriva-3599587.jpg\u00bb custom_padding=\u00bb60px|60px|60px|60px|true|true\u00bb custom_padding_tablet=\u00bb30px|30px|30px|30px|true|true\u00bb custom_padding_phone=\u00bb20px|20px|20px|20px|true|true\u00bb custom_padding_last_edited=\u00bbon|desktop\u00bb global_colors_info=\u00bb{}\u00bb background__hover_enabled=\u00bbon|desktop\u00bb background_color_gradient_stops__hover=\u00bbrgba(0,0,0,0.6) 0%|rgba(0,0,0,0.6) 100%\u00bb use_background_color_gradient__hover=\u00bbon\u00bb][et_pb_text _builder_version=\u00bb4.22.2&#8243; _module_preset=\u00bb07763b0d-75cd-4d4a-83e8-2f3aed515ec5&#8243; header_4_text_color=\u00bb#FFFFFF\u00bb text_orientation=\u00bbcenter\u00bb text_text_shadow_style=\u00bbpreset2&#8243; header_text_shadow_style=\u00bbpreset1&#8243; global_colors_info=\u00bb{}\u00bb]<\/p>\n<h4><strong>MEJOR EN BTT<\/strong><\/h4>\n<p>[\/et_pb_text][et_pb_text _builder_version=\u00bb4.22.2&#8243; _module_preset=\u00bbf56dea0f-8acc-4b6f-8794-813bd97eaee1&#8243; header_3_text_color=\u00bb#FFFFFF\u00bb text_orientation=\u00bbcenter\u00bb custom_margin=\u00bb||10px||false|false\u00bb global_colors_info=\u00bb{}\u00bb]<\/p>\n<h3>AMANTES DE LA BTT<\/h3>\n<p>[\/et_pb_text][et_pb_button button_url=\u00bbhttps:\/\/es.wikiloc.com\/rutas\/senderismo\/espana\/aragon\/sos-del-rey-catolico?page=2&#8243; button_text=\u00bbconoce m\u00e1s rutas \ud83d\udeb2\u00bb button_alignment=\u00bbcenter\u00bb _builder_version=\u00bb4.22.2&#8243; _module_preset=\u00bbdd077156-91e7-45fd-9b86-08b2ca4e8e5e\u00bb hover_enabled=\u00bb0&#8243; global_colors_info=\u00bb{}\u00bb sticky_enabled=\u00bb0&#8243;][\/et_pb_button][\/et_pb_column][et_pb_column type=\u00bb3_5&#8243; _builder_version=\u00bb4.22.2&#8243; _module_preset=\u00bbdefault\u00bb use_background_color_gradient=\u00bbon\u00bb background_color_gradient_stops=\u00bbrgba(0,0,0,0.4) 0%|rgba(0,0,0,0.4) 100%\u00bb background_color_gradient_overlays_image=\u00bbon\u00bb background_image=\u00bbhttps:\/\/alberguesosdelreycatolico.es\/wp-content\/uploads\/2023\/10\/pexels-anastasia-shuraeva-9607395.jpg\u00bb custom_padding=\u00bb60px|60px|60px|60px|true|true\u00bb custom_padding_tablet=\u00bb30px|30px|30px|30px|true|true\u00bb custom_padding_phone=\u00bb20px|20px|20px|20px|true|true\u00bb custom_padding_last_edited=\u00bbon|desktop\u00bb global_colors_info=\u00bb{}\u00bb background__hover_enabled=\u00bbon|desktop\u00bb background_color_gradient_stops__hover=\u00bbrgba(0,0,0,0.6) 0%|rgba(0,0,0,0.6) 100%\u00bb use_background_color_gradient__hover=\u00bbon\u00bb][et_pb_text _builder_version=\u00bb4.22.2&#8243; _module_preset=\u00bb07763b0d-75cd-4d4a-83e8-2f3aed515ec5&#8243; header_4_text_color=\u00bb#FFFFFF\u00bb text_orientation=\u00bbcenter\u00bb text_text_shadow_style=\u00bbpreset2&#8243; header_text_shadow_style=\u00bbpreset1&#8243; global_colors_info=\u00bb{}\u00bb]<\/p>\n<h4>EN MOTO<\/h4>\n<p>[\/et_pb_text][et_pb_text _builder_version=\u00bb4.22.2&#8243; _module_preset=\u00bbf56dea0f-8acc-4b6f-8794-813bd97eaee1&#8243; header_3_text_color=\u00bb#FFFFFF\u00bb text_orientation=\u00bbcenter\u00bb custom_margin=\u00bb||10px||false|false\u00bb global_colors_info=\u00bb{}\u00bb]<\/p>\n<h3>AMANTES DE LA MOTO<\/h3>\n<p>[\/et_pb_text][et_pb_button button_url=\u00bbhttps:\/\/es.wikiloc.com\/rutas\/motociclismo\/espana\/aragon\/sos-del-rey-catolico\u00bb button_text=\u00bbelige la ruta \ud83d\udef5\u00bb button_alignment=\u00bbcenter\u00bb _builder_version=\u00bb4.22.2&#8243; _module_preset=\u00bbdd077156-91e7-45fd-9b86-08b2ca4e8e5e\u00bb hover_enabled=\u00bb0&#8243; locked=\u00bboff\u00bb global_colors_info=\u00bb{}\u00bb sticky_enabled=\u00bb0&#8243;][\/et_pb_button][\/et_pb_column][\/et_pb_row][\/et_pb_section][et_pb_section fb_built=\u00bb1&#8243; admin_label=\u00bbespecial con peques\u00bb _builder_version=\u00bb4.22.2&#8243; _module_preset=\u00bbdefault\u00bb collapsed=\u00bbon\u00bb global_colors_info=\u00bb{}\u00bb][et_pb_row _builder_version=\u00bb4.22.2&#8243; _module_preset=\u00bbdefault\u00bb collapsed=\u00bbon\u00bb global_colors_info=\u00bb{}\u00bb][et_pb_column type=\u00bb4_4&#8243; _builder_version=\u00bb4.22.2&#8243; _module_preset=\u00bbdefault\u00bb global_colors_info=\u00bb{}\u00bb][et_pb_text _builder_version=\u00bb4.22.2&#8243; _module_preset=\u00bbb93b7015-cd5d-4e58-a627-a8a47e708327&#8243; text_orientation=\u00bbcenter\u00bb global_colors_info=\u00bb{}\u00bb]<\/p>\n<h1 style=\"text-align: center;\">Recomendamos en viajes con peques<\/h1>\n<p>[\/et_pb_text][et_pb_text _builder_version=\u00bb4.22.2&#8243; _module_preset=\u00bbb93b7015-cd5d-4e58-a627-a8a47e708327&#8243; text_orientation=\u00bbcenter\u00bb global_colors_info=\u00bb{}\u00bb]<\/p>\n<h2 style=\"text-align: center;\">Elige nuestros productos did\u00e1cticos para disfrutar de tu estancia con los m\u00e1s peques <span class=\"fe5nidar khvhiq1o r5qsrrlp i5tg98hk f9ovudaz przvwfww gx1rr48f gfz4du6o r7fjleex nz2484kf svot0ezm dcnh1tix sxl192xd t3g6t33p\"><span class=\"mpj7bzys xzlurrtv\">\ud83d\udc69\u200d\ud83d\udc67\u200d\ud83d\udc66<\/span><\/span><\/h2>\n<p>[\/et_pb_text][\/et_pb_column][\/et_pb_row][et_pb_row column_structure=\u00bb1_2,1_2&#8243; make_equal=\u00bbon\u00bb custom_padding_last_edited=\u00bbon|desktop\u00bb admin_label=\u00bbespecial con peques\u00bb _builder_version=\u00bb4.22.2&#8243; _module_preset=\u00bbdefault\u00bb max_width=\u00bb1440px\u00bb custom_padding_tablet=\u00bb||0px||false|false\u00bb custom_padding_phone=\u00bb||0px||false|false\u00bb collapsed=\u00bbon\u00bb global_colors_info=\u00bb{}\u00bb][et_pb_column type=\u00bb1_2&#8243; _builder_version=\u00bb4.22.2&#8243; _module_preset=\u00bbdefault\u00bb use_background_color_gradient=\u00bbon\u00bb background_color_gradient_stops=\u00bbrgba(0,0,0,0.5) 0%|rgba(0,0,0,0.5) 100%\u00bb background_color_gradient_overlays_image=\u00bbon\u00bb background_image=\u00bbhttps:\/\/alberguesosdelreycatolico.es\/wp-content\/uploads\/2023\/10\/visita-a-Sos.jpg\u00bb custom_padding=\u00bb80px|60px|80px|60px|true|true\u00bb custom_padding_tablet=\u00bb30px|30px|30px|30px|true|true\u00bb custom_padding_phone=\u00bb20px|20px|20px|20px|true|true\u00bb custom_padding_last_edited=\u00bbon|desktop\u00bb global_colors_info=\u00bb{}\u00bb background__hover_enabled=\u00bbon|hover\u00bb background_color_gradient_stops__hover=\u00bbrgba(0,0,0,0.6) 0%|rgba(0,0,0,0.6) 99%\u00bb use_background_color_gradient__hover=\u00bbon\u00bb][et_pb_text _builder_version=\u00bb4.22.2&#8243; _module_preset=\u00bb07763b0d-75cd-4d4a-83e8-2f3aed515ec5&#8243; header_4_text_color=\u00bb#FFFFFF\u00bb text_orientation=\u00bbcenter\u00bb text_text_shadow_style=\u00bbpreset2&#8243; header_text_shadow_style=\u00bbpreset1&#8243; global_colors_info=\u00bb{}\u00bb]<\/p>\n<h4><strong>RECORRIDO SENSORIAL<\/strong><\/h4>\n<p>[\/et_pb_text][et_pb_text _builder_version=\u00bb4.22.2&#8243; _module_preset=\u00bbf56dea0f-8acc-4b6f-8794-813bd97eaee1&#8243; header_3_text_color=\u00bb#FFFFFF\u00bb text_orientation=\u00bbcenter\u00bb custom_margin=\u00bb||10px||false|false\u00bb global_colors_info=\u00bb{}\u00bb]<\/p>\n<h3>CAMINO VALENTU\u00d1ANA<\/h3>\n<p>[\/et_pb_text][et_pb_text _builder_version=\u00bb4.22.2&#8243; _module_preset=\u00bb07763b0d-75cd-4d4a-83e8-2f3aed515ec5&#8243; text_text_color=\u00bb#FFFFFF\u00bb header_4_text_color=\u00bb#FFFFFF\u00bb text_orientation=\u00bbcenter\u00bb text_text_shadow_style=\u00bbpreset2&#8243; header_text_shadow_style=\u00bbpreset1&#8243; global_colors_info=\u00bb{}\u00bb]<\/p>\n<p><strong>Una actividad autoguiada en la que a partir de de una mochila did\u00e1ctica podr\u00e1s disfrutar de un paseo sensorial, conociendo la fauna, la flora y muchas curiosidades del entorno de Sos del Rey Cat\u00f3lico.\u00a0<\/strong><\/p>\n<p>[\/et_pb_text][et_pb_button button_url=\u00bbhttps:\/\/alberguesosdelreycatolico.es\/index.php\/contacto\/\u00bb button_text=\u00bbsolic\u00edtala coste de 4\u20ac\u00bb button_alignment=\u00bbcenter\u00bb _builder_version=\u00bb4.22.2&#8243; _module_preset=\u00bbdd077156-91e7-45fd-9b86-08b2ca4e8e5e\u00bb hover_enabled=\u00bb0&#8243; global_colors_info=\u00bb{}\u00bb sticky_enabled=\u00bb0&#8243;][\/et_pb_button][\/et_pb_column][et_pb_column type=\u00bb1_2&#8243; _builder_version=\u00bb4.22.2&#8243; _module_preset=\u00bbdefault\u00bb use_background_color_gradient=\u00bbon\u00bb background_color_gradient_stops=\u00bbrgba(0,0,0,0.5) 0%|rgba(0,0,0,0.5) 100%\u00bb background_color_gradient_overlays_image=\u00bbon\u00bb background_image=\u00bbhttps:\/\/alberguesosdelreycatolico.es\/wp-content\/uploads\/2023\/10\/WhatsApp-Image-2023-10-09-at-10.46.35.jpeg\u00bb custom_padding=\u00bb80px|60px|80px|60px|true|true\u00bb custom_padding_tablet=\u00bb30px|30px|30px|30px|true|true\u00bb custom_padding_phone=\u00bb20px|20px|20px|20px|true|true\u00bb custom_padding_last_edited=\u00bbon|desktop\u00bb global_colors_info=\u00bb{}\u00bb background__hover_enabled=\u00bbon|hover\u00bb background_color_gradient_stops__hover=\u00bbrgba(0,0,0,0.6) 0%|rgba(0,0,0,0.6) 99%\u00bb use_background_color_gradient__hover=\u00bbon\u00bb][et_pb_text _builder_version=\u00bb4.22.2&#8243; _module_preset=\u00bb07763b0d-75cd-4d4a-83e8-2f3aed515ec5&#8243; header_4_text_color=\u00bb#FFFFFF\u00bb text_orientation=\u00bbcenter\u00bb text_text_shadow_style=\u00bbpreset2&#8243; header_text_shadow_style=\u00bbpreset1&#8243; global_colors_info=\u00bb{}\u00bb]<\/p>\n<h4><strong>GYMKANA<\/strong><\/h4>\n<p>[\/et_pb_text][et_pb_text _builder_version=\u00bb4.22.2&#8243; _module_preset=\u00bbf56dea0f-8acc-4b6f-8794-813bd97eaee1&#8243; header_3_text_color=\u00bb#FFFFFF\u00bb text_orientation=\u00bbcenter\u00bb custom_margin=\u00bb||10px||false|false\u00bb global_colors_info=\u00bb{}\u00bb]<\/p>\n<h3 class=\"calendas-title-large\" role=\"heading\" aria-level=\"1\">EL DONCEL DE LA REINA<\/h3>\n<p>[\/et_pb_text][et_pb_text _builder_version=\u00bb4.22.2&#8243; _module_preset=\u00bb07763b0d-75cd-4d4a-83e8-2f3aed515ec5&#8243; text_text_color=\u00bb#FFFFFF\u00bb header_4_text_color=\u00bb#FFFFFF\u00bb text_orientation=\u00bbcenter\u00bb text_text_shadow_style=\u00bbpreset2&#8243; header_text_shadow_style=\u00bbpreset1&#8243; global_colors_info=\u00bb{}\u00bb]<\/p>\n<p><strong>Sum\u00e9rgete en esta aventura de la mano de Don Juan Pacheco, tendr\u00e1s que ayudar a la Reina.<\/strong><\/p>\n<p>[\/et_pb_text][et_pb_button button_url=\u00bbhttps:\/\/alberguesosdelreycatolico.es\/wp-content\/uploads\/2023\/10\/doncel-de-la-reina-gymkana-abantu-sos-del-rey-catolico-2.pdf\u00bb button_text=\u00bbdesc\u00e1rgala gratis\u00bb button_alignment=\u00bbcenter\u00bb admin_label=\u00bbBot\u00f3n\u00bb _builder_version=\u00bb4.22.2&#8243; _module_preset=\u00bbdd077156-91e7-45fd-9b86-08b2ca4e8e5e\u00bb hover_enabled=\u00bb0&#8243; locked=\u00bboff\u00bb global_colors_info=\u00bb{}\u00bb sticky_enabled=\u00bb0&#8243;][\/et_pb_button][\/et_pb_column][\/et_pb_row][\/et_pb_section][et_pb_section fb_built=\u00bb1&#8243; admin_label=\u00bbcultura y patrimonio \u00bb _builder_version=\u00bb4.22.2&#8243; _module_preset=\u00bbdefault\u00bb saved_tabs=\u00bball\u00bb collapsed=\u00bboff\u00bb global_colors_info=\u00bb{}\u00bb][et_pb_row _builder_version=\u00bb4.22.0&#8243; _module_preset=\u00bbdefault\u00bb collapsed=\u00bbon\u00bb global_colors_info=\u00bb{}\u00bb][et_pb_column type=\u00bb4_4&#8243; _builder_version=\u00bb4.22.0&#8243; _module_preset=\u00bbdefault\u00bb global_colors_info=\u00bb{}\u00bb][et_pb_text _builder_version=\u00bb4.22.2&#8243; _module_preset=\u00bbb93b7015-cd5d-4e58-a627-a8a47e708327&#8243; text_orientation=\u00bbcenter\u00bb global_colors_info=\u00bb{}\u00bb]<\/p>\n<h1 style=\"text-align: center;\">Cultura &amp; Patrimonio<\/h1>\n<p>[\/et_pb_text][\/et_pb_column][\/et_pb_row][et_pb_row column_structure=\u00bb3_5,2_5&#8243; make_equal=\u00bbon\u00bb custom_padding_last_edited=\u00bbon|desktop\u00bb admin_label=\u00bbFILA 1 \u00bb _builder_version=\u00bb4.22.2&#8243; _module_preset=\u00bbdefault\u00bb max_width=\u00bb1440px\u00bb custom_padding_tablet=\u00bb||0px||false|false\u00bb custom_padding_phone=\u00bb||0px||false|false\u00bb collapsed=\u00bbon\u00bb global_colors_info=\u00bb{}\u00bb][et_pb_column type=\u00bb3_5&#8243; _builder_version=\u00bb4.22.2&#8243; _module_preset=\u00bbdefault\u00bb use_background_color_gradient=\u00bbon\u00bb background_color_gradient_stops=\u00bbrgba(0,0,0,0.5) 0%|rgba(0,0,0,0.5) 100%\u00bb background_color_gradient_overlays_image=\u00bbon\u00bb background_image=\u00bbhttps:\/\/alberguesosdelreycatolico.es\/wp-content\/uploads\/2023\/10\/visita-de-Sos.jpg\u00bb custom_padding=\u00bb80px|60px|80px|60px|true|true\u00bb custom_padding_tablet=\u00bb30px|30px|30px|30px|true|true\u00bb custom_padding_phone=\u00bb20px|20px|20px|20px|true|true\u00bb custom_padding_last_edited=\u00bbon|desktop\u00bb global_colors_info=\u00bb{}\u00bb background__hover_enabled=\u00bbon|hover\u00bb background_color_gradient_stops__hover=\u00bbrgba(0,0,0,0.6) 0%|rgba(0,0,0,0.6) 99%\u00bb use_background_color_gradient__hover=\u00bbon\u00bb][et_pb_text admin_label=\u00bbTexto\u00bb _builder_version=\u00bb4.22.2&#8243; _module_preset=\u00bb07763b0d-75cd-4d4a-83e8-2f3aed515ec5&#8243; header_4_text_color=\u00bb#FFFFFF\u00bb text_orientation=\u00bbcenter\u00bb global_colors_info=\u00bb{}\u00bb]<\/p>\n<h4>PALACIO DE SADA<\/h4>\n<p>[\/et_pb_text][et_pb_text _builder_version=\u00bb4.22.2&#8243; _module_preset=\u00bbf56dea0f-8acc-4b6f-8794-813bd97eaee1&#8243; header_3_text_color=\u00bb#FFFFFF\u00bb text_orientation=\u00bbcenter\u00bb custom_margin=\u00bb||10px||false|false\u00bb global_colors_info=\u00bb{}\u00bb]<\/p>\n<h3>CENTRO DE INTERPRETACI\u00d3N FERNANDO II DE ARAG\u00d3N<\/h3>\n<p>[\/et_pb_text][et_pb_button button_url=\u00bbhttp:\/\/www.sosdelreycatolico.com\/contenido\/casa-de-la-villa-s-xvi\u00bb button_text=\u00bbespecial con peques \ud83d\udc69\u200d\ud83d\udc67\u200d\ud83d\udc66\u00bb button_alignment=\u00bbcenter\u00bb _builder_version=\u00bb4.22.2&#8243; _module_preset=\u00bbdd077156-91e7-45fd-9b86-08b2ca4e8e5e\u00bb hover_enabled=\u00bb0&#8243; global_colors_info=\u00bb{}\u00bb sticky_enabled=\u00bb0&#8243;][\/et_pb_button][\/et_pb_column][et_pb_column type=\u00bb2_5&#8243; _builder_version=\u00bb4.22.2&#8243; _module_preset=\u00bbdefault\u00bb use_background_color_gradient=\u00bbon\u00bb background_color_gradient_stops=\u00bbrgba(0,0,0,0.3) 0%|rgba(0,0,0,0.3) 100%\u00bb background_color_gradient_overlays_image=\u00bbon\u00bb background_image=\u00bbhttps:\/\/alberguesosdelreycatolico.es\/wp-content\/uploads\/2023\/10\/la-vaquilla-sillas-sos-delr-ey-ctolico.jpg\u00bb custom_padding=\u00bb80px|60px|80px|60px|true|true\u00bb custom_padding_tablet=\u00bb30px|30px|30px|30px|true|true\u00bb custom_padding_phone=\u00bb20px|20px|20px|20px|true|true\u00bb custom_padding_last_edited=\u00bbon|desktop\u00bb global_colors_info=\u00bb{}\u00bb background__hover_enabled=\u00bbon|desktop\u00bb background_color_gradient_stops__hover=\u00bbrgba(0,0,0,0.6) 0%|rgba(0,0,0,0.6) 100%\u00bb use_background_color_gradient__hover=\u00bbon\u00bb][et_pb_text admin_label=\u00bbTexto\u00bb _builder_version=\u00bb4.22.2&#8243; _module_preset=\u00bb07763b0d-75cd-4d4a-83e8-2f3aed515ec5&#8243; header_4_text_color=\u00bb#FFFFFF\u00bb text_orientation=\u00bbcenter\u00bb global_colors_info=\u00bb{}\u00bb]<\/p>\n<h4>RUTA URBANA<\/h4>\n<p>[\/et_pb_text][et_pb_text _builder_version=\u00bb4.22.2&#8243; _module_preset=\u00bbf56dea0f-8acc-4b6f-8794-813bd97eaee1&#8243; header_3_text_color=\u00bb#FFFFFF\u00bb text_orientation=\u00bbcenter\u00bb custom_margin=\u00bb||10px||false|false\u00bb global_colors_info=\u00bb{}\u00bb]<\/p>\n<h3>LA VAQUILLA<\/h3>\n<p>[\/et_pb_text][et_pb_button button_url=\u00bbhttps:\/\/alberguesosdelreycatolico.es\/wp-content\/uploads\/2023\/10\/plano-la-vaquilla-sos-del-rey-catolico.pdf\u00bb button_text=\u00bbespecial con peques \ud83d\udc69\u200d\ud83d\udc67\u200d\ud83d\udc66 descarga el plano\u00bb button_alignment=\u00bbcenter\u00bb _builder_version=\u00bb4.22.2&#8243; _module_preset=\u00bbdd077156-91e7-45fd-9b86-08b2ca4e8e5e\u00bb hover_enabled=\u00bb0&#8243; global_colors_info=\u00bb{}\u00bb sticky_enabled=\u00bb0&#8243;][\/et_pb_button][\/et_pb_column][\/et_pb_row][et_pb_row column_structure=\u00bb3_5,2_5&#8243; make_equal=\u00bbon\u00bb custom_padding_last_edited=\u00bbon|desktop\u00bb admin_label=\u00bbFILA 2&#8243; _builder_version=\u00bb4.22.2&#8243; _module_preset=\u00bbdefault\u00bb max_width=\u00bb1440px\u00bb custom_padding_tablet=\u00bb||0px||false|false\u00bb custom_padding_phone=\u00bb||0px||false|false\u00bb collapsed=\u00bbon\u00bb global_colors_info=\u00bb{}\u00bb][et_pb_column type=\u00bb3_5&#8243; _builder_version=\u00bb4.22.2&#8243; _module_preset=\u00bbdefault\u00bb use_background_color_gradient=\u00bbon\u00bb background_color_gradient_stops=\u00bbrgba(0,0,0,0.5) 0%|rgba(0,0,0,0.5) 100%\u00bb background_color_gradient_overlays_image=\u00bbon\u00bb background_image=\u00bbhttps:\/\/alberguesosdelreycatolico.es\/wp-content\/uploads\/2023\/10\/casa-de-la-villa-sos-imagen-web-del-ayuntamiento.jpg\u00bb custom_padding=\u00bb80px|60px|80px|60px|true|true\u00bb custom_padding_tablet=\u00bb30px|30px|30px|30px|true|true\u00bb custom_padding_phone=\u00bb20px|20px|20px|20px|true|true\u00bb custom_padding_last_edited=\u00bbon|desktop\u00bb global_colors_info=\u00bb{}\u00bb background__hover_enabled=\u00bbon|hover\u00bb background_color_gradient_stops__hover=\u00bbrgba(0,0,0,0.6) 0%|rgba(0,0,0,0.6) 99%\u00bb use_background_color_gradient__hover=\u00bbon\u00bb][et_pb_text admin_label=\u00bbTexto\u00bb _builder_version=\u00bb4.22.2&#8243; _module_preset=\u00bb07763b0d-75cd-4d4a-83e8-2f3aed515ec5&#8243; header_4_text_color=\u00bb#FFFFFF\u00bb text_orientation=\u00bbcenter\u00bb global_colors_info=\u00bb{}\u00bb]<\/p>\n<h4>AYUNTAMIENTO<\/h4>\n<p>[\/et_pb_text][et_pb_text _builder_version=\u00bb4.22.2&#8243; _module_preset=\u00bbf56dea0f-8acc-4b6f-8794-813bd97eaee1&#8243; header_3_text_color=\u00bb#FFFFFF\u00bb text_orientation=\u00bbcenter\u00bb custom_margin=\u00bb||10px||false|false\u00bb global_colors_info=\u00bb{}\u00bb]<\/p>\n<h3>CASA DE LA VILLA DEL SIGLO XVI<\/h3>\n<p>[\/et_pb_text][et_pb_button button_url=\u00bbhttp:\/\/www.sosdelreycatolico.com\/contenido\/casa-de-la-villa-s-xvi\u00bb button_text=\u00bbacceso gratis\u00bb button_alignment=\u00bbcenter\u00bb _builder_version=\u00bb4.22.2&#8243; _module_preset=\u00bbdd077156-91e7-45fd-9b86-08b2ca4e8e5e\u00bb hover_enabled=\u00bb0&#8243; global_colors_info=\u00bb{}\u00bb sticky_enabled=\u00bb0&#8243;][\/et_pb_button][\/et_pb_column][et_pb_column type=\u00bb2_5&#8243; _builder_version=\u00bb4.22.2&#8243; _module_preset=\u00bbdefault\u00bb use_background_color_gradient=\u00bbon\u00bb background_color_gradient_stops=\u00bbrgba(0,0,0,0.3) 0%|rgba(0,0,0,0.3) 100%\u00bb background_color_gradient_overlays_image=\u00bbon\u00bb background_image=\u00bbhttps:\/\/alberguesosdelreycatolico.es\/wp-content\/uploads\/2023\/10\/WhatsApp-Image-2023-10-06-at-11.19.53-1.jpeg\u00bb custom_padding=\u00bb80px|60px|80px|60px|true|true\u00bb custom_padding_tablet=\u00bb30px|30px|30px|30px|true|true\u00bb custom_padding_phone=\u00bb20px|20px|20px|20px|true|true\u00bb custom_padding_last_edited=\u00bbon|desktop\u00bb global_colors_info=\u00bb{}\u00bb background__hover_enabled=\u00bbon|desktop\u00bb background_color_gradient_stops__hover=\u00bbrgba(0,0,0,0.6) 0%|rgba(0,0,0,0.6) 100%\u00bb use_background_color_gradient__hover=\u00bbon\u00bb][et_pb_text admin_label=\u00bbTexto\u00bb _builder_version=\u00bb4.22.2&#8243; _module_preset=\u00bb07763b0d-75cd-4d4a-83e8-2f3aed515ec5&#8243; header_4_text_color=\u00bb#FFFFFF\u00bb text_orientation=\u00bbcenter\u00bb global_colors_info=\u00bb{}\u00bb]<\/p>\n<h4>UNA JOYA ROM\u00c1NICA<\/h4>\n<p>[\/et_pb_text][et_pb_text _builder_version=\u00bb4.22.2&#8243; _module_preset=\u00bbf56dea0f-8acc-4b6f-8794-813bd97eaee1&#8243; header_3_text_color=\u00bb#FFFFFF\u00bb text_orientation=\u00bbcenter\u00bb custom_margin=\u00bb||10px||false|false\u00bb global_colors_info=\u00bb{}\u00bb]<\/p>\n<h3>IGLESIA DE SAN ESTEBAN<\/h3>\n<p>[\/et_pb_text][et_pb_button button_url=\u00bbhttps:\/\/www.oficinaturismososdelreycatolico.com\/\u00bb button_text=\u00bbrecomendamos visita guiada\u00bb button_alignment=\u00bbcenter\u00bb _builder_version=\u00bb4.22.2&#8243; _module_preset=\u00bbdd077156-91e7-45fd-9b86-08b2ca4e8e5e\u00bb hover_enabled=\u00bb0&#8243; global_colors_info=\u00bb{}\u00bb sticky_enabled=\u00bb0&#8243;][\/et_pb_button][\/et_pb_column][\/et_pb_row][et_pb_row column_structure=\u00bb3_5,2_5&#8243; make_equal=\u00bbon\u00bb custom_padding_last_edited=\u00bbon|desktop\u00bb admin_label=\u00bbFILA 3&#8243; _builder_version=\u00bb4.22.2&#8243; _module_preset=\u00bbdefault\u00bb max_width=\u00bb1440px\u00bb custom_padding_tablet=\u00bb||0px||false|false\u00bb custom_padding_phone=\u00bb||0px||false|false\u00bb collapsed=\u00bbon\u00bb global_colors_info=\u00bb{}\u00bb][et_pb_column type=\u00bb3_5&#8243; _builder_version=\u00bb4.22.2&#8243; _module_preset=\u00bbdefault\u00bb use_background_color_gradient=\u00bbon\u00bb background_color_gradient_stops=\u00bbrgba(0,0,0,0.5) 0%|rgba(0,0,0,0.5) 100%\u00bb background_color_gradient_overlays_image=\u00bbon\u00bb background_image=\u00bbhttps:\/\/alberguesosdelreycatolico.es\/wp-content\/uploads\/2023\/10\/visita-a-SOS-1-min-scaled.jpg\u00bb custom_padding=\u00bb80px|60px|80px|60px|true|true\u00bb custom_padding_tablet=\u00bb30px|30px|30px|30px|true|true\u00bb custom_padding_phone=\u00bb20px|20px|20px|20px|true|true\u00bb custom_padding_last_edited=\u00bbon|desktop\u00bb global_colors_info=\u00bb{}\u00bb background__hover_enabled=\u00bbon|hover\u00bb background_color_gradient_stops__hover=\u00bbrgba(0,0,0,0.6) 0%|rgba(0,0,0,0.6) 99%\u00bb use_background_color_gradient__hover=\u00bbon\u00bb][et_pb_text admin_label=\u00bbTexto\u00bb _builder_version=\u00bb4.22.2&#8243; _module_preset=\u00bb07763b0d-75cd-4d4a-83e8-2f3aed515ec5&#8243; header_4_text_color=\u00bb#FFFFFF\u00bb text_orientation=\u00bbcenter\u00bb global_colors_info=\u00bb{}\u00bb]<\/p>\n<h4>SOS DEL REY CAT\u00d3LICO<\/h4>\n<p>[\/et_pb_text][et_pb_text _builder_version=\u00bb4.22.2&#8243; _module_preset=\u00bbf56dea0f-8acc-4b6f-8794-813bd97eaee1&#8243; header_3_text_color=\u00bb#FFFFFF\u00bb text_orientation=\u00bbcenter\u00bb custom_margin=\u00bb||10px||false|false\u00bb global_colors_info=\u00bb{}\u00bb]<\/p>\n<h3>CON HISTORIA<\/h3>\n<p>[\/et_pb_text][et_pb_button button_url=\u00bbhttp:\/\/www.sosdelreycatolico.com\/historia\u00bb button_text=\u00bbCon\u00f3celo antes de la visita\u00bb button_alignment=\u00bbcenter\u00bb _builder_version=\u00bb4.22.2&#8243; _module_preset=\u00bbdd077156-91e7-45fd-9b86-08b2ca4e8e5e\u00bb hover_enabled=\u00bb0&#8243; global_colors_info=\u00bb{}\u00bb sticky_enabled=\u00bb0&#8243;][\/et_pb_button][\/et_pb_column][et_pb_column type=\u00bb2_5&#8243; _builder_version=\u00bb4.22.2&#8243; _module_preset=\u00bbdefault\u00bb use_background_color_gradient=\u00bbon\u00bb background_color_gradient_stops=\u00bbrgba(0,0,0,0.3) 0%|rgba(0,0,0,0.3) 100%\u00bb background_color_gradient_overlays_image=\u00bbon\u00bb background_image=\u00bbhttps:\/\/alberguesosdelreycatolico.es\/wp-content\/uploads\/2023\/10\/httpwww.sosdelreycatolico.comcontenidomonasterio-e-iglesia-de-valentunana-s-xvii.jpg\u00bb custom_padding=\u00bb80px|60px|80px|60px|true|true\u00bb custom_padding_tablet=\u00bb30px|30px|30px|30px|true|true\u00bb custom_padding_phone=\u00bb20px|20px|20px|20px|true|true\u00bb custom_padding_last_edited=\u00bbon|desktop\u00bb global_colors_info=\u00bb{}\u00bb background__hover_enabled=\u00bbon|desktop\u00bb background_color_gradient_stops__hover=\u00bbrgba(0,0,0,0.6) 0%|rgba(0,0,0,0.6) 100%\u00bb use_background_color_gradient__hover=\u00bbon\u00bb][et_pb_text admin_label=\u00bbTexto\u00bb _builder_version=\u00bb4.22.2&#8243; _module_preset=\u00bb07763b0d-75cd-4d4a-83e8-2f3aed515ec5&#8243; header_4_text_color=\u00bb#FFFFFF\u00bb text_orientation=\u00bbcenter\u00bb global_colors_info=\u00bb{}\u00bb]<\/p>\n<h4>SIEMPRE RECOMENDAMOS<\/h4>\n<p>[\/et_pb_text][et_pb_text _builder_version=\u00bb4.22.2&#8243; _module_preset=\u00bbf56dea0f-8acc-4b6f-8794-813bd97eaee1&#8243; header_3_text_color=\u00bb#FFFFFF\u00bb text_orientation=\u00bbcenter\u00bb custom_margin=\u00bb||10px||false|false\u00bb global_colors_info=\u00bb{}\u00bb]<\/p>\n<h3>VISITA GUIADA<\/h3>\n<p>[\/et_pb_text][et_pb_button button_url=\u00bbhttps:\/\/www.oficinaturismososdelreycatolico.com\/visitas-guiadas\u00bb button_text=\u00bbres\u00e9rvala en turismo SOS \u00bb button_alignment=\u00bbcenter\u00bb _builder_version=\u00bb4.22.2&#8243; _module_preset=\u00bbdd077156-91e7-45fd-9b86-08b2ca4e8e5e\u00bb hover_enabled=\u00bb0&#8243; global_colors_info=\u00bb{}\u00bb sticky_enabled=\u00bb0&#8243;][\/et_pb_button][\/et_pb_column][\/et_pb_row][\/et_pb_section]<\/p>\n","protected":false},"excerpt":{"rendered":"<p>Descubre Sos del Rey Cat\u00f3licoDeporte &amp; NaturalezaMONASTERIOVALENTU\u00d1ANARUTA URBANALOS SIETE PORTALESMINI RUTAA LA FUENTE DE CALDER\u00d3NF\u00c1CIL PERO LARGACASTILLO DE ROITARECORRIDO LINEALTORRE DE A\u00d1U\u00c9SMUY CERCAPUENTE DE UNCASTILLOMEJOR EN BTTAMANTES DE LA BTTEN MOTOAMANTES DE LA MOTORecomendamos en viajes con pequesElige nuestros productos did\u00e1cticos para disfrutar de tu estancia con los m\u00e1s peques \ud83d\udc69\u200d\ud83d\udc67\u200d\ud83d\udc66RECORRIDO SENSORIALCAMINO VALENTU\u00d1ANAUna actividad autoguiada [&hellip;]<\/p>\n","protected":false},"author":2,"featured_media":0,"comment_status":"open","ping_status":"closed","template":"","meta":{"_et_pb_use_builder":"on","_et_pb_old_content":"","_et_gb_content_width":"","footnotes":""},"project_category":[30],"project_tag":[],"class_list":["post-718","project","type-project","status-publish","hentry","project_category-turismo"],"yoast_head":"<!-- This site is optimized with the Yoast SEO plugin v27.4 - https:\/\/yoast.com\/product\/yoast-seo-wordpress\/ -->\n<title>Descubre Sos del Rey Cat\u00f3lico - Albergue de Sos del Rey Cat&oacute;lico<\/title>\n<meta name=\"robots\" content=\"index, follow, max-snippet:-1, max-image-preview:large, max-video-preview:-1\" \/>\n<link rel=\"canonical\" href=\"https:\/\/alberguesosdelreycatolico.es\/index.php\/project\/descubre-sos-del-rey-catolico\/\" \/>\n<meta property=\"og:locale\" content=\"es_ES\" \/>\n<meta property=\"og:type\" content=\"article\" \/>\n<meta property=\"og:title\" content=\"Descubre Sos del Rey Cat\u00f3lico - Albergue de Sos del Rey Cat&oacute;lico\" \/>\n<meta property=\"og:description\" content=\"Descubre Sos del Rey Cat\u00f3licoDeporte &amp; NaturalezaMONASTERIOVALENTU\u00d1ANARUTA URBANALOS SIETE PORTALESMINI RUTAA LA FUENTE DE CALDER\u00d3NF\u00c1CIL PERO LARGACASTILLO DE ROITARECORRIDO LINEALTORRE DE A\u00d1U\u00c9SMUY CERCAPUENTE DE UNCASTILLOMEJOR EN BTTAMANTES DE LA BTTEN MOTOAMANTES DE LA MOTORecomendamos en viajes con pequesElige nuestros productos did\u00e1cticos para disfrutar de tu estancia con los m\u00e1s peques \ud83d\udc69\u200d\ud83d\udc67\u200d\ud83d\udc66RECORRIDO SENSORIALCAMINO VALENTU\u00d1ANAUna actividad autoguiada [&hellip;]\" \/>\n<meta property=\"og:url\" content=\"https:\/\/alberguesosdelreycatolico.es\/index.php\/project\/descubre-sos-del-rey-catolico\/\" \/>\n<meta property=\"og:site_name\" content=\"Albergue de Sos del Rey Cat&oacute;lico\" \/>\n<meta property=\"article:modified_time\" content=\"2026-03-04T10:57:33+00:00\" \/>\n<meta name=\"twitter:card\" content=\"summary_large_image\" \/>\n<meta name=\"twitter:label1\" content=\"Tiempo de lectura\" \/>\n\t<meta name=\"twitter:data1\" content=\"5 minutos\" \/>\n<script type=\"application\/ld+json\" class=\"yoast-schema-graph\">{\"@context\":\"https:\\\/\\\/schema.org\",\"@graph\":[{\"@type\":\"WebPage\",\"@id\":\"https:\\\/\\\/alberguesosdelreycatolico.es\\\/index.php\\\/project\\\/descubre-sos-del-rey-catolico\\\/\",\"url\":\"https:\\\/\\\/alberguesosdelreycatolico.es\\\/index.php\\\/project\\\/descubre-sos-del-rey-catolico\\\/\",\"name\":\"Descubre Sos del Rey Cat\u00f3lico - Albergue de Sos del Rey Cat&oacute;lico\",\"isPartOf\":{\"@id\":\"https:\\\/\\\/alberguesosdelreycatolico.es\\\/#website\"},\"datePublished\":\"2023-10-10T07:30:07+00:00\",\"dateModified\":\"2026-03-04T10:57:33+00:00\",\"breadcrumb\":{\"@id\":\"https:\\\/\\\/alberguesosdelreycatolico.es\\\/index.php\\\/project\\\/descubre-sos-del-rey-catolico\\\/#breadcrumb\"},\"inLanguage\":\"es\",\"potentialAction\":[{\"@type\":\"ReadAction\",\"target\":[\"https:\\\/\\\/alberguesosdelreycatolico.es\\\/index.php\\\/project\\\/descubre-sos-del-rey-catolico\\\/\"]}]},{\"@type\":\"BreadcrumbList\",\"@id\":\"https:\\\/\\\/alberguesosdelreycatolico.es\\\/index.php\\\/project\\\/descubre-sos-del-rey-catolico\\\/#breadcrumb\",\"itemListElement\":[{\"@type\":\"ListItem\",\"position\":1,\"name\":\"Portada\",\"item\":\"https:\\\/\\\/alberguesosdelreycatolico.es\\\/\"},{\"@type\":\"ListItem\",\"position\":2,\"name\":\"Proyectos\",\"item\":\"https:\\\/\\\/alberguesosdelreycatolico.es\\\/index.php\\\/project\\\/\"},{\"@type\":\"ListItem\",\"position\":3,\"name\":\"Descubre Sos del Rey Cat\u00f3lico\"}]},{\"@type\":\"WebSite\",\"@id\":\"https:\\\/\\\/alberguesosdelreycatolico.es\\\/#website\",\"url\":\"https:\\\/\\\/alberguesosdelreycatolico.es\\\/\",\"name\":\"Albergue de Sos del Rey Cat&oacute;lico\",\"description\":\"Tu punto de partida\",\"potentialAction\":[{\"@type\":\"SearchAction\",\"target\":{\"@type\":\"EntryPoint\",\"urlTemplate\":\"https:\\\/\\\/alberguesosdelreycatolico.es\\\/?s={search_term_string}\"},\"query-input\":{\"@type\":\"PropertyValueSpecification\",\"valueRequired\":true,\"valueName\":\"search_term_string\"}}],\"inLanguage\":\"es\"}]}<\/script>\n<!-- \/ Yoast SEO plugin. -->","yoast_head_json":{"title":"Descubre Sos del Rey Cat\u00f3lico - Albergue de Sos del Rey Cat&oacute;lico","robots":{"index":"index","follow":"follow","max-snippet":"max-snippet:-1","max-image-preview":"max-image-preview:large","max-video-preview":"max-video-preview:-1"},"canonical":"https:\/\/alberguesosdelreycatolico.es\/index.php\/project\/descubre-sos-del-rey-catolico\/","og_locale":"es_ES","og_type":"article","og_title":"Descubre Sos del Rey Cat\u00f3lico - Albergue de Sos del Rey Cat&oacute;lico","og_description":"Descubre Sos del Rey Cat\u00f3licoDeporte &amp; NaturalezaMONASTERIOVALENTU\u00d1ANARUTA URBANALOS SIETE PORTALESMINI RUTAA LA FUENTE DE CALDER\u00d3NF\u00c1CIL PERO LARGACASTILLO DE ROITARECORRIDO LINEALTORRE DE A\u00d1U\u00c9SMUY CERCAPUENTE DE UNCASTILLOMEJOR EN BTTAMANTES DE LA BTTEN MOTOAMANTES DE LA MOTORecomendamos en viajes con pequesElige nuestros productos did\u00e1cticos para disfrutar de tu estancia con los m\u00e1s peques \ud83d\udc69\u200d\ud83d\udc67\u200d\ud83d\udc66RECORRIDO SENSORIALCAMINO VALENTU\u00d1ANAUna actividad autoguiada [&hellip;]","og_url":"https:\/\/alberguesosdelreycatolico.es\/index.php\/project\/descubre-sos-del-rey-catolico\/","og_site_name":"Albergue de Sos del Rey Cat&oacute;lico","article_modified_time":"2026-03-04T10:57:33+00:00","twitter_card":"summary_large_image","twitter_misc":{"Tiempo de lectura":"5 minutos"},"schema":{"@context":"https:\/\/schema.org","@graph":[{"@type":"WebPage","@id":"https:\/\/alberguesosdelreycatolico.es\/index.php\/project\/descubre-sos-del-rey-catolico\/","url":"https:\/\/alberguesosdelreycatolico.es\/index.php\/project\/descubre-sos-del-rey-catolico\/","name":"Descubre Sos del Rey Cat\u00f3lico - Albergue de Sos del Rey Cat&oacute;lico","isPartOf":{"@id":"https:\/\/alberguesosdelreycatolico.es\/#website"},"datePublished":"2023-10-10T07:30:07+00:00","dateModified":"2026-03-04T10:57:33+00:00","breadcrumb":{"@id":"https:\/\/alberguesosdelreycatolico.es\/index.php\/project\/descubre-sos-del-rey-catolico\/#breadcrumb"},"inLanguage":"es","potentialAction":[{"@type":"ReadAction","target":["https:\/\/alberguesosdelreycatolico.es\/index.php\/project\/descubre-sos-del-rey-catolico\/"]}]},{"@type":"BreadcrumbList","@id":"https:\/\/alberguesosdelreycatolico.es\/index.php\/project\/descubre-sos-del-rey-catolico\/#breadcrumb","itemListElement":[{"@type":"ListItem","position":1,"name":"Portada","item":"https:\/\/alberguesosdelreycatolico.es\/"},{"@type":"ListItem","position":2,"name":"Proyectos","item":"https:\/\/alberguesosdelreycatolico.es\/index.php\/project\/"},{"@type":"ListItem","position":3,"name":"Descubre Sos del Rey Cat\u00f3lico"}]},{"@type":"WebSite","@id":"https:\/\/alberguesosdelreycatolico.es\/#website","url":"https:\/\/alberguesosdelreycatolico.es\/","name":"Albergue de Sos del Rey Cat&oacute;lico","description":"Tu punto de partida","potentialAction":[{"@type":"SearchAction","target":{"@type":"EntryPoint","urlTemplate":"https:\/\/alberguesosdelreycatolico.es\/?s={search_term_string}"},"query-input":{"@type":"PropertyValueSpecification","valueRequired":true,"valueName":"search_term_string"}}],"inLanguage":"es"}]}},"_links":{"self":[{"href":"https:\/\/alberguesosdelreycatolico.es\/index.php\/wp-json\/wp\/v2\/project\/718","targetHints":{"allow":["GET"]}}],"collection":[{"href":"https:\/\/alberguesosdelreycatolico.es\/index.php\/wp-json\/wp\/v2\/project"}],"about":[{"href":"https:\/\/alberguesosdelreycatolico.es\/index.php\/wp-json\/wp\/v2\/types\/project"}],"author":[{"embeddable":true,"href":"https:\/\/alberguesosdelreycatolico.es\/index.php\/wp-json\/wp\/v2\/users\/2"}],"replies":[{"embeddable":true,"href":"https:\/\/alberguesosdelreycatolico.es\/index.php\/wp-json\/wp\/v2\/comments?post=718"}],"version-history":[{"count":32,"href":"https:\/\/alberguesosdelreycatolico.es\/index.php\/wp-json\/wp\/v2\/project\/718\/revisions"}],"predecessor-version":[{"id":883,"href":"https:\/\/alberguesosdelreycatolico.es\/index.php\/wp-json\/wp\/v2\/project\/718\/revisions\/883"}],"wp:attachment":[{"href":"https:\/\/alberguesosdelreycatolico.es\/index.php\/wp-json\/wp\/v2\/media?parent=718"}],"wp:term":[{"taxonomy":"project_category","embeddable":true,"href":"https:\/\/alberguesosdelreycatolico.es\/index.php\/wp-json\/wp\/v2\/project_category?post=718"},{"taxonomy":"project_tag","embeddable":true,"href":"https:\/\/alberguesosdelreycatolico.es\/index.php\/wp-json\/wp\/v2\/project_tag?post=718"}],"curies":[{"name":"wp","href":"https:\/\/api.w.org\/{rel}","templated":true}]}}