{"id":562,"date":"2023-10-09T09:02:14","date_gmt":"2023-10-09T09:02:14","guid":{"rendered":"https:\/\/alberguesosdelreycatolico.es\/?post_type=project&#038;p=562"},"modified":"2023-10-10T09:37:37","modified_gmt":"2023-10-10T09:37:37","slug":"quevisitarcercadesos","status":"publish","type":"project","link":"https:\/\/alberguesosdelreycatolico.es\/index.php\/project\/quevisitarcercadesos\/","title":{"rendered":"QU\u00c9 VISITAR CERCA DE SOS DEL REY CAT\u00d3LICO"},"content":{"rendered":"<p>[et_pb_section fb_built=\u00bb1&#8243; admin_label=\u00bbQu\u00e9 hacer en Sos\u00bb _builder_version=\u00bb4.22.2&#8243; _module_preset=\u00bbdefault\u00bb custom_padding=\u00bb||0px||false|false\u00bb collapsed=\u00bbon\u00bb global_colors_info=\u00bb{}\u00bb][et_pb_row _builder_version=\u00bb4.22.0&#8243; _module_preset=\u00bbdefault\u00bb global_colors_info=\u00bb{}\u00bb][et_pb_column type=\u00bb4_4&#8243; _builder_version=\u00bb4.22.0&#8243; _module_preset=\u00bbdefault\u00bb global_colors_info=\u00bb{}\u00bb][et_pb_text _builder_version=\u00bb4.22.2&#8243; _module_preset=\u00bbb93b7015-cd5d-4e58-a627-a8a47e708327&#8243; text_orientation=\u00bbcenter\u00bb global_colors_info=\u00bb{}\u00bb]<\/p>\n<h1 style=\"text-align: center;\"><strong>QU\u00c9 HACER\u00a0<\/strong><\/h1>\n<p>[\/et_pb_text][et_pb_text _builder_version=\u00bb4.22.2&#8243; _module_preset=\u00bbb93b7015-cd5d-4e58-a627-a8a47e708327&#8243; text_orientation=\u00bbcenter\u00bb global_colors_info=\u00bb{}\u00bb]<\/p>\n<h1 style=\"text-align: center;\">Deporte &amp; Naturaleza<\/h1>\n<p>[\/et_pb_text][\/et_pb_column][\/et_pb_row][\/et_pb_section][et_pb_section fb_built=\u00bb1&#8243; admin_label=\u00bbdeporte y naturaleza\u00bb _builder_version=\u00bb4.22.2&#8243; _module_preset=\u00bbdefault\u00bb saved_tabs=\u00bball\u00bb collapsed=\u00bbon\u00bb global_colors_info=\u00bb{}\u00bb][et_pb_row column_structure=\u00bb1_2,1_2&#8243; make_equal=\u00bbon\u00bb custom_padding_last_edited=\u00bbon|desktop\u00bb admin_label=\u00bbfila 1 \u00bb _builder_version=\u00bb4.22.2&#8243; _module_preset=\u00bbdefault\u00bb max_width=\u00bb1440px\u00bb custom_padding_tablet=\u00bb||0px||false|false\u00bb custom_padding_phone=\u00bb||0px||false|false\u00bb collapsed=\u00bbon\u00bb global_colors_info=\u00bb{}\u00bb][et_pb_column type=\u00bb1_2&#8243; _builder_version=\u00bb4.22.2&#8243; _module_preset=\u00bbdefault\u00bb use_background_color_gradient=\u00bbon\u00bb background_color_gradient_stops=\u00bbrgba(0,0,0,0.5) 0%|rgba(0,0,0,0.5) 100%\u00bb background_color_gradient_overlays_image=\u00bbon\u00bb background_image=\u00bbhttps:\/\/alberguesosdelreycatolico.es\/wp-content\/uploads\/2023\/10\/pexels-dewa-satu-16304344-1.jpg\u00bb custom_padding=\u00bb80px|60px|80px|60px|true|true\u00bb custom_padding_tablet=\u00bb30px|30px|30px|30px|true|true\u00bb custom_padding_phone=\u00bb20px|20px|20px|20px|true|true\u00bb custom_padding_last_edited=\u00bbon|desktop\u00bb global_colors_info=\u00bb{}\u00bb background__hover_enabled=\u00bbon|hover\u00bb background_color_gradient_stops__hover=\u00bbrgba(0,0,0,0.6) 0%|rgba(0,0,0,0.6) 99%\u00bb use_background_color_gradient__hover=\u00bbon\u00bb][et_pb_text _builder_version=\u00bb4.22.2&#8243; _module_preset=\u00bb07763b0d-75cd-4d4a-83e8-2f3aed515ec5&#8243; header_4_text_color=\u00bb#FFFFFF\u00bb text_orientation=\u00bbcenter\u00bb text_text_shadow_style=\u00bbpreset2&#8243; header_text_shadow_style=\u00bbpreset1&#8243; global_colors_info=\u00bb{}\u00bb]<\/p>\n<h4><strong>MURILLO DE G\u00c1LLEGO<\/strong><\/h4>\n<p>[\/et_pb_text][et_pb_text _builder_version=\u00bb4.22.2&#8243; _module_preset=\u00bbf56dea0f-8acc-4b6f-8794-813bd97eaee1&#8243; header_3_text_color=\u00bb#FFFFFF\u00bb text_orientation=\u00bbcenter\u00bb custom_margin=\u00bb||10px||false|false\u00bb global_colors_info=\u00bb{}\u00bb]<\/p>\n<h3>TURIMO ACTIVO SOSTENIBLE<\/h3>\n<p>[\/et_pb_text][et_pb_button button_url=\u00bbhttps:\/\/murillodegallego.es\/\u00bb button_text=\u00bbelige aventura\u00bb button_alignment=\u00bbcenter\u00bb _builder_version=\u00bb4.22.2&#8243; _module_preset=\u00bbdd077156-91e7-45fd-9b86-08b2ca4e8e5e\u00bb global_colors_info=\u00bb{}\u00bb][\/et_pb_button][\/et_pb_column][et_pb_column type=\u00bb1_2&#8243; _builder_version=\u00bb4.22.2&#8243; _module_preset=\u00bbdefault\u00bb use_background_color_gradient=\u00bbon\u00bb background_color_gradient_stops=\u00bbrgba(0,0,0,0.3) 0%|rgba(0,0,0,0.3) 100%\u00bb background_color_gradient_overlays_image=\u00bbon\u00bb background_image=\u00bbhttps:\/\/alberguesosdelreycatolico.es\/wp-content\/uploads\/2023\/10\/WhatsApp-Image-2023-10-09-at-11.20.58.jpeg\u00bb custom_padding=\u00bb80px|60px|80px|60px|true|true\u00bb custom_padding_tablet=\u00bb30px|30px|30px|30px|true|true\u00bb custom_padding_phone=\u00bb20px|20px|20px|20px|true|true\u00bb custom_padding_last_edited=\u00bbon|desktop\u00bb global_colors_info=\u00bb{}\u00bb background__hover_enabled=\u00bbon|desktop\u00bb background_color_gradient_stops__hover=\u00bbrgba(0,0,0,0.6) 0%|rgba(0,0,0,0.6) 100%\u00bb use_background_color_gradient__hover=\u00bbon\u00bb][et_pb_text _builder_version=\u00bb4.22.2&#8243; _module_preset=\u00bb07763b0d-75cd-4d4a-83e8-2f3aed515ec5&#8243; header_4_text_color=\u00bb#FFFFFF\u00bb text_orientation=\u00bbcenter\u00bb text_text_shadow_style=\u00bbpreset2&#8243; header_text_shadow_style=\u00bbpreset1&#8243; global_colors_info=\u00bb{}\u00bb]<\/p>\n<h4>COMARCA DE LAS CINCO VILLAS<\/h4>\n<p>[\/et_pb_text][et_pb_text _builder_version=\u00bb4.22.2&#8243; _module_preset=\u00bbf56dea0f-8acc-4b6f-8794-813bd97eaee1&#8243; header_3_text_color=\u00bb#FFFFFF\u00bb text_orientation=\u00bbcenter\u00bb custom_margin=\u00bb||10px||false|false\u00bb global_colors_info=\u00bb{}\u00bb]<\/p>\n<h3>RUTAS SENDERISTAS DE LEYENDA<\/h3>\n<p>[\/et_pb_text][et_pb_button button_url=\u00bbhttps:\/\/www.comarcacincovillas.es\/deporte\/senderos-de-leyenda\/\u00bb button_text=\u00bbelige ruta\u00bb button_alignment=\u00bbcenter\u00bb _builder_version=\u00bb4.22.2&#8243; _module_preset=\u00bbdd077156-91e7-45fd-9b86-08b2ca4e8e5e\u00bb global_colors_info=\u00bb{}\u00bb][\/et_pb_button][\/et_pb_column][\/et_pb_row][et_pb_row column_structure=\u00bb2_5,3_5&#8243; make_equal=\u00bbon\u00bb admin_label=\u00bbfila 2 \u00bb _builder_version=\u00bb4.22.2&#8243; _module_preset=\u00bbdefault\u00bb max_width=\u00bb1440px\u00bb collapsed=\u00bbon\u00bb global_colors_info=\u00bb{}\u00bb][et_pb_column type=\u00bb2_5&#8243; _builder_version=\u00bb4.22.2&#8243; _module_preset=\u00bbdefault\u00bb use_background_color_gradient=\u00bbon\u00bb background_color_gradient_stops=\u00bbrgba(0,0,0,0.3) 0%|rgba(0,0,0,0.3) 100%\u00bb background_color_gradient_overlays_image=\u00bbon\u00bb background_image=\u00bbhttps:\/\/alberguesosdelreycatolico.es\/wp-content\/uploads\/2023\/10\/pexels-jan-kopriva-3599587.jpg\u00bb custom_padding=\u00bb60px|60px|60px|60px|true|true\u00bb custom_padding_tablet=\u00bb30px|30px|30px|30px|true|true\u00bb custom_padding_phone=\u00bb20px|20px|20px|20px|true|true\u00bb custom_padding_last_edited=\u00bbon|desktop\u00bb global_colors_info=\u00bb{}\u00bb background__hover_enabled=\u00bbon|desktop\u00bb background_color_gradient_stops__hover=\u00bbrgba(0,0,0,0.6) 0%|rgba(0,0,0,0.6) 100%\u00bb use_background_color_gradient__hover=\u00bbon\u00bb][et_pb_text _builder_version=\u00bb4.22.2&#8243; _module_preset=\u00bb07763b0d-75cd-4d4a-83e8-2f3aed515ec5&#8243; header_4_text_color=\u00bb#FFFFFF\u00bb text_orientation=\u00bbcenter\u00bb text_text_shadow_style=\u00bbpreset2&#8243; header_text_shadow_style=\u00bbpreset1&#8243; global_colors_info=\u00bb{}\u00bb]<\/p>\n<h4><strong>CINCO VILLAS EN BTT<\/strong><\/h4>\n<p>[\/et_pb_text][et_pb_text _builder_version=\u00bb4.22.2&#8243; _module_preset=\u00bbf56dea0f-8acc-4b6f-8794-813bd97eaee1&#8243; header_3_text_color=\u00bb#FFFFFF\u00bb text_orientation=\u00bbcenter\u00bb custom_margin=\u00bb||10px||false|false\u00bb global_colors_info=\u00bb{}\u00bb]<\/p>\n<h3>AMANTES DE LA BTT<\/h3>\n<p>[\/et_pb_text][et_pb_button button_url=\u00bbhttps:\/\/www.comarcacincovillas.es\/deporte\/rutas-btt\/\u00bb button_text=\u00bbqu\u00e9 ruta es la tuya\u00bb button_alignment=\u00bbcenter\u00bb _builder_version=\u00bb4.22.2&#8243; _module_preset=\u00bbdd077156-91e7-45fd-9b86-08b2ca4e8e5e\u00bb global_colors_info=\u00bb{}\u00bb][\/et_pb_button][\/et_pb_column][et_pb_column type=\u00bb3_5&#8243; _builder_version=\u00bb4.22.2&#8243; _module_preset=\u00bbdefault\u00bb use_background_color_gradient=\u00bbon\u00bb background_color_gradient_stops=\u00bbrgba(0,0,0,0.4) 0%|rgba(0,0,0,0.4) 100%\u00bb background_color_gradient_overlays_image=\u00bbon\u00bb background_image=\u00bbhttps:\/\/alberguesosdelreycatolico.es\/wp-content\/uploads\/2023\/10\/foz-de-lumbier.jpg\u00bb custom_padding=\u00bb60px|60px|60px|60px|true|true\u00bb custom_padding_tablet=\u00bb30px|30px|30px|30px|true|true\u00bb custom_padding_phone=\u00bb20px|20px|20px|20px|true|true\u00bb custom_padding_last_edited=\u00bbon|desktop\u00bb global_colors_info=\u00bb{}\u00bb background__hover_enabled=\u00bbon|desktop\u00bb background_color_gradient_stops__hover=\u00bbrgba(0,0,0,0.6) 0%|rgba(0,0,0,0.6) 100%\u00bb use_background_color_gradient__hover=\u00bbon\u00bb][et_pb_text _builder_version=\u00bb4.22.2&#8243; _module_preset=\u00bb07763b0d-75cd-4d4a-83e8-2f3aed515ec5&#8243; header_4_text_color=\u00bb#FFFFFF\u00bb text_orientation=\u00bbcenter\u00bb text_text_shadow_style=\u00bbpreset2&#8243; header_text_shadow_style=\u00bbpreset1&#8243; global_colors_info=\u00bb{}\u00bb]<\/p>\n<h4>NAVARRA<\/h4>\n<p>[\/et_pb_text][et_pb_text _builder_version=\u00bb4.22.2&#8243; _module_preset=\u00bbf56dea0f-8acc-4b6f-8794-813bd97eaee1&#8243; header_3_text_color=\u00bb#FFFFFF\u00bb text_orientation=\u00bbcenter\u00bb custom_margin=\u00bb||10px||false|false\u00bb global_colors_info=\u00bb{}\u00bb]<\/p>\n<h3 class=\"calendas-title-large\" role=\"heading\" aria-level=\"1\">FOZ DE LUMBIER Y ARBAIUN<\/h3>\n<p>[\/et_pb_text][et_pb_button button_url=\u00bbhttps:\/\/www.visitnavarra.es\/es\/foces-lumbier-arbaiun\u00bb button_text=\u00bbqu\u00e9 visitar\u00bb button_alignment=\u00bbcenter\u00bb _builder_version=\u00bb4.22.2&#8243; _module_preset=\u00bbdd077156-91e7-45fd-9b86-08b2ca4e8e5e\u00bb locked=\u00bboff\u00bb global_colors_info=\u00bb{}\u00bb][\/et_pb_button][\/et_pb_column][\/et_pb_row][et_pb_row column_structure=\u00bb1_2,1_2&#8243; make_equal=\u00bbon\u00bb custom_padding_last_edited=\u00bbon|desktop\u00bb admin_label=\u00bbfila 3&#8243; _builder_version=\u00bb4.22.2&#8243; _module_preset=\u00bbdefault\u00bb max_width=\u00bb1440px\u00bb custom_padding_tablet=\u00bb||0px||false|false\u00bb custom_padding_phone=\u00bb||0px||false|false\u00bb collapsed=\u00bbon\u00bb global_colors_info=\u00bb{}\u00bb][et_pb_column type=\u00bb1_2&#8243; _builder_version=\u00bb4.22.2&#8243; _module_preset=\u00bbdefault\u00bb use_background_color_gradient=\u00bbon\u00bb background_color_gradient_stops=\u00bbrgba(0,0,0,0.5) 0%|rgba(0,0,0,0.5) 100%\u00bb background_color_gradient_overlays_image=\u00bbon\u00bb background_image=\u00bbhttps:\/\/alberguesosdelreycatolico.es\/wp-content\/uploads\/2023\/10\/WhatsApp-Image-2023-10-09-at-12.01.08.jpeg\u00bb custom_padding=\u00bb80px|60px|80px|60px|true|true\u00bb custom_padding_tablet=\u00bb30px|30px|30px|30px|true|true\u00bb custom_padding_phone=\u00bb20px|20px|20px|20px|true|true\u00bb custom_padding_last_edited=\u00bbon|desktop\u00bb global_colors_info=\u00bb{}\u00bb background__hover_enabled=\u00bbon|hover\u00bb background_color_gradient_stops__hover=\u00bbrgba(0,0,0,0.6) 0%|rgba(0,0,0,0.6) 99%\u00bb use_background_color_gradient__hover=\u00bbon\u00bb][et_pb_text _builder_version=\u00bb4.22.2&#8243; _module_preset=\u00bb07763b0d-75cd-4d4a-83e8-2f3aed515ec5&#8243; header_4_text_color=\u00bb#FFFFFF\u00bb text_orientation=\u00bbcenter\u00bb text_text_shadow_style=\u00bbpreset2&#8243; header_text_shadow_style=\u00bbpreset1&#8243; global_colors_info=\u00bb{}\u00bb]<\/p>\n<h4><strong>CAMINO DE SANTIAGO<\/strong><\/h4>\n<p>[\/et_pb_text][et_pb_text _builder_version=\u00bb4.22.2&#8243; _module_preset=\u00bbf56dea0f-8acc-4b6f-8794-813bd97eaee1&#8243; header_3_text_color=\u00bb#FFFFFF\u00bb text_orientation=\u00bbcenter\u00bb custom_margin=\u00bb||10px||false|false\u00bb global_colors_info=\u00bb{}\u00bb]<\/p>\n<h3>TRAMO ARAGON\u00c9S<\/h3>\n<p>[\/et_pb_text][et_pb_button button_url=\u00bbhttps:\/\/caminodesantiagoporaragon.com\/andando\/\u00bb button_text=\u00bbcon\u00f3celo\u00bb button_alignment=\u00bbcenter\u00bb _builder_version=\u00bb4.22.2&#8243; _module_preset=\u00bbdd077156-91e7-45fd-9b86-08b2ca4e8e5e\u00bb global_colors_info=\u00bb{}\u00bb][\/et_pb_button][\/et_pb_column][et_pb_column type=\u00bb1_2&#8243; _builder_version=\u00bb4.22.2&#8243; _module_preset=\u00bbdefault\u00bb use_background_color_gradient=\u00bbon\u00bb background_color_gradient_stops=\u00bbrgba(0,0,0,0.3) 0%|rgba(0,0,0,0.3) 100%\u00bb background_color_gradient_overlays_image=\u00bbon\u00bb background_image=\u00bbhttps:\/\/alberguesosdelreycatolico.es\/wp-content\/uploads\/2023\/10\/pexels-eberhard-grossgasteiger-462929.jpg\u00bb custom_padding=\u00bb80px|60px|80px|60px|true|true\u00bb custom_padding_tablet=\u00bb30px|30px|30px|30px|true|true\u00bb custom_padding_phone=\u00bb20px|20px|20px|20px|true|true\u00bb custom_padding_last_edited=\u00bbon|desktop\u00bb global_colors_info=\u00bb{}\u00bb background__hover_enabled=\u00bbon|desktop\u00bb background_color_gradient_stops__hover=\u00bbrgba(0,0,0,0.6) 0%|rgba(0,0,0,0.6) 100%\u00bb use_background_color_gradient__hover=\u00bbon\u00bb][et_pb_text _builder_version=\u00bb4.22.2&#8243; _module_preset=\u00bbf56dea0f-8acc-4b6f-8794-813bd97eaee1&#8243; header_3_text_color=\u00bb#FFFFFF\u00bb text_orientation=\u00bbcenter\u00bb custom_margin=\u00bb||10px||false|false\u00bb global_colors_info=\u00bb{}\u00bb]<\/p>\n<h3>CINCO VILLAS<\/h3>\n<p>[\/et_pb_text][et_pb_text _builder_version=\u00bb4.22.2&#8243; _module_preset=\u00bb07763b0d-75cd-4d4a-83e8-2f3aed515ec5&#8243; header_4_text_color=\u00bb#FFFFFF\u00bb text_orientation=\u00bbcenter\u00bb text_text_shadow_style=\u00bbpreset2&#8243; header_text_shadow_style=\u00bbpreset1&#8243; global_colors_info=\u00bb{}\u00bb]<\/p>\n<h4><strong>RIQUEZA PAISAJ\u00cdSTICA<\/strong><\/h4>\n<p>[\/et_pb_text][et_pb_button button_url=\u00bbhttps:\/\/www.comarcacincovillas.es\/wp-content\/uploads\/2019\/03\/aaff-folleto-naturaleza-web-1.pdf\u00bb button_text=\u00bbdescarga el folleto\u00bb button_alignment=\u00bbcenter\u00bb _builder_version=\u00bb4.22.2&#8243; _module_preset=\u00bbdd077156-91e7-45fd-9b86-08b2ca4e8e5e\u00bb global_colors_info=\u00bb{}\u00bb][\/et_pb_button][\/et_pb_column][\/et_pb_row][et_pb_row column_structure=\u00bb2_5,3_5&#8243; make_equal=\u00bbon\u00bb admin_label=\u00bbfila 4&#8243; _builder_version=\u00bb4.22.2&#8243; _module_preset=\u00bbdefault\u00bb max_width=\u00bb1440px\u00bb collapsed=\u00bbon\u00bb global_colors_info=\u00bb{}\u00bb][et_pb_column type=\u00bb2_5&#8243; _builder_version=\u00bb4.22.2&#8243; _module_preset=\u00bbdefault\u00bb use_background_color_gradient=\u00bbon\u00bb background_color_gradient_stops=\u00bbrgba(0,0,0,0.3) 0%|rgba(0,0,0,0.3) 100%\u00bb background_color_gradient_overlays_image=\u00bbon\u00bb background_image=\u00bbhttps:\/\/alberguesosdelreycatolico.es\/wp-content\/uploads\/2023\/10\/pexels-jan-kopriva-3599587.jpg\u00bb custom_padding=\u00bb60px|60px|60px|60px|true|true\u00bb custom_padding_tablet=\u00bb30px|30px|30px|30px|true|true\u00bb custom_padding_phone=\u00bb20px|20px|20px|20px|true|true\u00bb custom_padding_last_edited=\u00bbon|desktop\u00bb global_colors_info=\u00bb{}\u00bb background__hover_enabled=\u00bbon|desktop\u00bb background_color_gradient_stops__hover=\u00bbrgba(0,0,0,0.6) 0%|rgba(0,0,0,0.6) 100%\u00bb use_background_color_gradient__hover=\u00bbon\u00bb][et_pb_text _builder_version=\u00bb4.22.2&#8243; _module_preset=\u00bb07763b0d-75cd-4d4a-83e8-2f3aed515ec5&#8243; header_4_text_color=\u00bb#FFFFFF\u00bb text_orientation=\u00bbcenter\u00bb text_text_shadow_style=\u00bbpreset2&#8243; header_text_shadow_style=\u00bbpreset1&#8243; global_colors_info=\u00bb{}\u00bb]<\/p>\n<h4><strong>CINCO VILLAS EN BTT<\/strong><\/h4>\n<p>[\/et_pb_text][et_pb_text _builder_version=\u00bb4.22.2&#8243; _module_preset=\u00bbf56dea0f-8acc-4b6f-8794-813bd97eaee1&#8243; header_3_text_color=\u00bb#FFFFFF\u00bb text_orientation=\u00bbcenter\u00bb custom_margin=\u00bb||10px||false|false\u00bb global_colors_info=\u00bb{}\u00bb]<\/p>\n<h3>AMANTES DE LA BTT<\/h3>\n<p>[\/et_pb_text][et_pb_button button_url=\u00bbhttps:\/\/www.comarcacincovillas.es\/deporte\/rutas-btt\/\u00bb button_text=\u00bbqu\u00e9 ruta es la tuya\u00bb button_alignment=\u00bbcenter\u00bb _builder_version=\u00bb4.22.2&#8243; _module_preset=\u00bbdd077156-91e7-45fd-9b86-08b2ca4e8e5e\u00bb global_colors_info=\u00bb{}\u00bb][\/et_pb_button][\/et_pb_column][et_pb_column type=\u00bb3_5&#8243; _builder_version=\u00bb4.22.2&#8243; _module_preset=\u00bbdefault\u00bb use_background_color_gradient=\u00bbon\u00bb background_color_gradient_stops=\u00bbrgba(0,0,0,0.4) 0%|rgba(0,0,0,0.4) 100%\u00bb background_color_gradient_overlays_image=\u00bbon\u00bb background_image=\u00bbhttps:\/\/alberguesosdelreycatolico.es\/wp-content\/uploads\/2023\/10\/foz-de-lumbier.jpg\u00bb custom_padding=\u00bb60px|60px|60px|60px|true|true\u00bb custom_padding_tablet=\u00bb30px|30px|30px|30px|true|true\u00bb custom_padding_phone=\u00bb20px|20px|20px|20px|true|true\u00bb custom_padding_last_edited=\u00bbon|desktop\u00bb global_colors_info=\u00bb{}\u00bb background__hover_enabled=\u00bbon|desktop\u00bb background_color_gradient_stops__hover=\u00bbrgba(0,0,0,0.6) 0%|rgba(0,0,0,0.6) 100%\u00bb use_background_color_gradient__hover=\u00bbon\u00bb][et_pb_text _builder_version=\u00bb4.22.2&#8243; _module_preset=\u00bb07763b0d-75cd-4d4a-83e8-2f3aed515ec5&#8243; header_4_text_color=\u00bb#FFFFFF\u00bb text_orientation=\u00bbcenter\u00bb text_text_shadow_style=\u00bbpreset2&#8243; header_text_shadow_style=\u00bbpreset1&#8243; global_colors_info=\u00bb{}\u00bb]<\/p>\n<h4>CUNA DEL ROM\u00c1NICO<\/h4>\n<p>[\/et_pb_text][et_pb_text _builder_version=\u00bb4.22.2&#8243; _module_preset=\u00bbf56dea0f-8acc-4b6f-8794-813bd97eaee1&#8243; header_3_text_color=\u00bb#FFFFFF\u00bb text_orientation=\u00bbcenter\u00bb custom_margin=\u00bb||10px||false|false\u00bb global_colors_info=\u00bb{}\u00bb]<\/p>\n<h3>JACA\u00a0<\/h3>\n<p>[\/et_pb_text][et_pb_button button_url=\u00bbhttps:\/\/www.visitnavarra.es\/es\/foces-lumbier-arbaiun\u00bb button_text=\u00bbqu\u00e9 visitar\u00bb button_alignment=\u00bbcenter\u00bb _builder_version=\u00bb4.22.2&#8243; _module_preset=\u00bbdd077156-91e7-45fd-9b86-08b2ca4e8e5e\u00bb locked=\u00bboff\u00bb global_colors_info=\u00bb{}\u00bb][\/et_pb_button][\/et_pb_column][\/et_pb_row][\/et_pb_section][et_pb_section fb_built=\u00bb1&#8243; admin_label=\u00bbcultura y patrimonio \u00bb _builder_version=\u00bb4.22.2&#8243; _module_preset=\u00bbdefault\u00bb saved_tabs=\u00bball\u00bb collapsed=\u00bboff\u00bb global_colors_info=\u00bb{}\u00bb][et_pb_row _builder_version=\u00bb4.22.0&#8243; _module_preset=\u00bbdefault\u00bb collapsed=\u00bbon\u00bb global_colors_info=\u00bb{}\u00bb][et_pb_column type=\u00bb4_4&#8243; _builder_version=\u00bb4.22.0&#8243; _module_preset=\u00bbdefault\u00bb global_colors_info=\u00bb{}\u00bb][et_pb_text _builder_version=\u00bb4.22.2&#8243; _module_preset=\u00bbb93b7015-cd5d-4e58-a627-a8a47e708327&#8243; text_orientation=\u00bbcenter\u00bb global_colors_info=\u00bb{}\u00bb]<\/p>\n<h1 style=\"text-align: center;\">Cultura &amp; Patrimonio<\/h1>\n<p>[\/et_pb_text][\/et_pb_column][\/et_pb_row][et_pb_row column_structure=\u00bb3_5,2_5&#8243; make_equal=\u00bbon\u00bb custom_padding_last_edited=\u00bbon|desktop\u00bb admin_label=\u00bbFILA 1 \u00bb _builder_version=\u00bb4.22.2&#8243; _module_preset=\u00bbdefault\u00bb max_width=\u00bb1440px\u00bb custom_padding_tablet=\u00bb||0px||false|false\u00bb custom_padding_phone=\u00bb||0px||false|false\u00bb collapsed=\u00bbon\u00bb global_colors_info=\u00bb{}\u00bb][et_pb_column type=\u00bb3_5&#8243; _builder_version=\u00bb4.22.2&#8243; _module_preset=\u00bbdefault\u00bb use_background_color_gradient=\u00bbon\u00bb background_color_gradient_stops=\u00bbrgba(0,0,0,0.5) 0%|rgba(0,0,0,0.5) 100%\u00bb background_color_gradient_overlays_image=\u00bbon\u00bb background_image=\u00bbhttps:\/\/alberguesosdelreycatolico.es\/wp-content\/uploads\/2023\/10\/Los-Banales-Uncastillo-Archivo-Prames-2.jpg\u00bb custom_padding=\u00bb80px|60px|80px|60px|true|true\u00bb custom_padding_tablet=\u00bb30px|30px|30px|30px|true|true\u00bb custom_padding_phone=\u00bb20px|20px|20px|20px|true|true\u00bb custom_padding_last_edited=\u00bbon|desktop\u00bb global_colors_info=\u00bb{}\u00bb background__hover_enabled=\u00bbon|hover\u00bb background_color_gradient_stops__hover=\u00bbrgba(0,0,0,0.6) 0%|rgba(0,0,0,0.6) 99%\u00bb use_background_color_gradient__hover=\u00bbon\u00bb][et_pb_text admin_label=\u00bbTexto\u00bb _builder_version=\u00bb4.22.2&#8243; _module_preset=\u00bb07763b0d-75cd-4d4a-83e8-2f3aed515ec5&#8243; header_4_text_color=\u00bb#FFFFFF\u00bb text_orientation=\u00bbcenter\u00bb global_colors_info=\u00bb{}\u00bb]<\/p>\n<h4>LOS BA\u00d1ALES<\/h4>\n<p>[\/et_pb_text][et_pb_text _builder_version=\u00bb4.22.2&#8243; _module_preset=\u00bbf56dea0f-8acc-4b6f-8794-813bd97eaee1&#8243; header_3_text_color=\u00bb#FFFFFF\u00bb text_orientation=\u00bbcenter\u00bb custom_margin=\u00bb||10px||false|false\u00bb global_colors_info=\u00bb{}\u00bb]<\/p>\n<h3>YACIMIENTO ROMANO\u00a0<\/h3>\n<p>[\/et_pb_text][et_pb_button button_url=\u00bbhttps:\/\/www.turismodearagon.com\/ficha\/yacimiento-romano-de-los-banales\/\u00bb button_text=\u00bbNo te lo pierdas\u00bb button_alignment=\u00bbcenter\u00bb _builder_version=\u00bb4.22.2&#8243; _module_preset=\u00bbdd077156-91e7-45fd-9b86-08b2ca4e8e5e\u00bb global_colors_info=\u00bb{}\u00bb][\/et_pb_button][\/et_pb_column][et_pb_column type=\u00bb2_5&#8243; _builder_version=\u00bb4.22.2&#8243; _module_preset=\u00bbdefault\u00bb use_background_color_gradient=\u00bbon\u00bb background_color_gradient_stops=\u00bbrgba(0,0,0,0.3) 0%|rgba(0,0,0,0.3) 100%\u00bb background_color_gradient_overlays_image=\u00bbon\u00bb background_image=\u00bbhttps:\/\/alberguesosdelreycatolico.es\/wp-content\/uploads\/2023\/10\/Los-Banales-Uncastillo-Archivo-Prames-2.jpg\u00bb custom_padding=\u00bb80px|60px|80px|60px|true|true\u00bb custom_padding_tablet=\u00bb30px|30px|30px|30px|true|true\u00bb custom_padding_phone=\u00bb20px|20px|20px|20px|true|true\u00bb custom_padding_last_edited=\u00bbon|desktop\u00bb global_colors_info=\u00bb{}\u00bb background__hover_enabled=\u00bbon|desktop\u00bb background_color_gradient_stops__hover=\u00bbrgba(0,0,0,0.6) 0%|rgba(0,0,0,0.6) 100%\u00bb use_background_color_gradient__hover=\u00bbon\u00bb][et_pb_text admin_label=\u00bbTexto\u00bb _builder_version=\u00bb4.22.2&#8243; _module_preset=\u00bb07763b0d-75cd-4d4a-83e8-2f3aed515ec5&#8243; header_4_text_color=\u00bb#FFFFFF\u00bb text_orientation=\u00bbcenter\u00bb global_colors_info=\u00bb{}\u00bb]<\/p>\n<h4>UN CASTILLO<\/h4>\n<p>[\/et_pb_text][et_pb_text _builder_version=\u00bb4.22.2&#8243; _module_preset=\u00bbf56dea0f-8acc-4b6f-8794-813bd97eaee1&#8243; header_3_text_color=\u00bb#FFFFFF\u00bb text_orientation=\u00bbcenter\u00bb custom_margin=\u00bb||10px||false|false\u00bb global_colors_info=\u00bb{}\u00bb]<\/p>\n<h3>SIGLOS DE HISTORIA<\/h3>\n<p>[\/et_pb_text][et_pb_button button_url=\u00bbhttps:\/\/uncastillo.es\/turismo\/\u00bb button_text=\u00bbelige tu visita\u00bb button_alignment=\u00bbcenter\u00bb _builder_version=\u00bb4.22.2&#8243; _module_preset=\u00bbdd077156-91e7-45fd-9b86-08b2ca4e8e5e\u00bb global_colors_info=\u00bb{}\u00bb][\/et_pb_button][\/et_pb_column][\/et_pb_row][et_pb_row column_structure=\u00bb3_5,2_5&#8243; make_equal=\u00bbon\u00bb custom_padding_last_edited=\u00bbon|desktop\u00bb admin_label=\u00bbFILA 2&#8243; _builder_version=\u00bb4.22.2&#8243; _module_preset=\u00bbdefault\u00bb max_width=\u00bb1440px\u00bb custom_padding_tablet=\u00bb||0px||false|false\u00bb custom_padding_phone=\u00bb||0px||false|false\u00bb collapsed=\u00bbon\u00bb global_colors_info=\u00bb{}\u00bb][et_pb_column type=\u00bb3_5&#8243; _builder_version=\u00bb4.22.2&#8243; _module_preset=\u00bbdefault\u00bb use_background_color_gradient=\u00bbon\u00bb background_color_gradient_stops=\u00bbrgba(0,0,0,0.5) 0%|rgba(0,0,0,0.5) 100%\u00bb background_color_gradient_overlays_image=\u00bbon\u00bb background_image=\u00bbhttps:\/\/alberguesosdelreycatolico.es\/wp-content\/uploads\/2023\/10\/WhatsApp-Image-2023-10-06-at-14.38.44.jpeg\u00bb custom_padding=\u00bb80px|60px|80px|60px|true|true\u00bb custom_padding_tablet=\u00bb30px|30px|30px|30px|true|true\u00bb custom_padding_phone=\u00bb20px|20px|20px|20px|true|true\u00bb custom_padding_last_edited=\u00bbon|desktop\u00bb global_colors_info=\u00bb{}\u00bb background__hover_enabled=\u00bbon|hover\u00bb background_color_gradient_stops__hover=\u00bbrgba(0,0,0,0.6) 0%|rgba(0,0,0,0.6) 99%\u00bb use_background_color_gradient__hover=\u00bbon\u00bb][et_pb_text admin_label=\u00bbTexto\u00bb _builder_version=\u00bb4.22.2&#8243; _module_preset=\u00bb07763b0d-75cd-4d4a-83e8-2f3aed515ec5&#8243; header_4_text_color=\u00bb#FFFFFF\u00bb text_orientation=\u00bbcenter\u00bb global_colors_info=\u00bb{}\u00bb]<\/p>\n<h4>\u00a0BIOTA<\/h4>\n<p>[\/et_pb_text][et_pb_text _builder_version=\u00bb4.22.2&#8243; _module_preset=\u00bbf56dea0f-8acc-4b6f-8794-813bd97eaee1&#8243; header_3_text_color=\u00bb#FFFFFF\u00bb text_orientation=\u00bbcenter\u00bb custom_margin=\u00bb||10px||false|false\u00bb global_colors_info=\u00bb{}\u00bb]<\/p>\n<h3>TIERRA DE VIZCONDES<\/h3>\n<p>[\/et_pb_text][et_pb_button button_url=\u00bbhttps:\/\/www.biota.es\/oficina-turismo\/\u00bb button_text=\u00bbreserva en la web\u00bb button_alignment=\u00bbcenter\u00bb _builder_version=\u00bb4.22.2&#8243; _module_preset=\u00bbdd077156-91e7-45fd-9b86-08b2ca4e8e5e\u00bb global_colors_info=\u00bb{}\u00bb][\/et_pb_button][\/et_pb_column][et_pb_column type=\u00bb2_5&#8243; _builder_version=\u00bb4.22.2&#8243; _module_preset=\u00bbdefault\u00bb use_background_color_gradient=\u00bbon\u00bb background_color_gradient_stops=\u00bbrgba(0,0,0,0.3) 0%|rgba(0,0,0,0.3) 100%\u00bb background_color_gradient_overlays_image=\u00bbon\u00bb background_image=\u00bbhttps:\/\/alberguesosdelreycatolico.es\/wp-content\/uploads\/2023\/10\/pexels-alesia-kozik-7916016.jpg\u00bb custom_padding=\u00bb80px|60px|80px|60px|true|true\u00bb custom_padding_tablet=\u00bb30px|30px|30px|30px|true|true\u00bb custom_padding_phone=\u00bb20px|20px|20px|20px|true|true\u00bb custom_padding_last_edited=\u00bbon|desktop\u00bb global_colors_info=\u00bb{}\u00bb background__hover_enabled=\u00bbon|desktop\u00bb background_color_gradient_stops__hover=\u00bbrgba(0,0,0,0.6) 0%|rgba(0,0,0,0.6) 100%\u00bb use_background_color_gradient__hover=\u00bbon\u00bb][et_pb_text admin_label=\u00bbTexto\u00bb _builder_version=\u00bb4.22.2&#8243; _module_preset=\u00bb07763b0d-75cd-4d4a-83e8-2f3aed515ec5&#8243; header_4_text_color=\u00bb#FFFFFF\u00bb text_orientation=\u00bbcenter\u00bb global_colors_info=\u00bb{}\u00bb]<\/p>\n<h4>S\u00c1DABA<\/h4>\n<p>[\/et_pb_text][et_pb_text _builder_version=\u00bb4.22.2&#8243; _module_preset=\u00bbf56dea0f-8acc-4b6f-8794-813bd97eaee1&#8243; header_3_text_color=\u00bb#FFFFFF\u00bb text_orientation=\u00bbcenter\u00bb custom_margin=\u00bb||10px||false|false\u00bb global_colors_info=\u00bb{}\u00bb]<\/p>\n<h3>SIGLOS DE HISTORIA<\/h3>\n<p>[\/et_pb_text][et_pb_button button_url=\u00bbhttps:\/\/www.turismodearagon.com\/ficha\/sadaba\/\u00bb button_text=\u00bbreserva la visita\u00bb button_alignment=\u00bbcenter\u00bb _builder_version=\u00bb4.22.2&#8243; _module_preset=\u00bbdd077156-91e7-45fd-9b86-08b2ca4e8e5e\u00bb global_colors_info=\u00bb{}\u00bb][\/et_pb_button][\/et_pb_column][\/et_pb_row][et_pb_row column_structure=\u00bb3_5,2_5&#8243; make_equal=\u00bbon\u00bb custom_padding_last_edited=\u00bbon|desktop\u00bb admin_label=\u00bbFILA 3&#8243; _builder_version=\u00bb4.22.2&#8243; _module_preset=\u00bbdefault\u00bb max_width=\u00bb1440px\u00bb custom_padding_tablet=\u00bb||0px||false|false\u00bb custom_padding_phone=\u00bb||0px||false|false\u00bb collapsed=\u00bboff\u00bb global_colors_info=\u00bb{}\u00bb][et_pb_column type=\u00bb3_5&#8243; _builder_version=\u00bb4.22.2&#8243; _module_preset=\u00bbdefault\u00bb use_background_color_gradient=\u00bbon\u00bb background_color_gradient_stops=\u00bbrgba(0,0,0,0.5) 0%|rgba(0,0,0,0.5) 100%\u00bb background_color_gradient_overlays_image=\u00bbon\u00bb background_image=\u00bbhttps:\/\/alberguesosdelreycatolico.es\/wp-content\/uploads\/2023\/10\/navardun-torreon-695&#215;1024.jpg.webp\u00bb custom_padding=\u00bb80px|60px|80px|60px|true|true\u00bb custom_padding_tablet=\u00bb30px|30px|30px|30px|true|true\u00bb custom_padding_phone=\u00bb20px|20px|20px|20px|true|true\u00bb custom_padding_last_edited=\u00bbon|desktop\u00bb global_colors_info=\u00bb{}\u00bb background__hover_enabled=\u00bbon|hover\u00bb background_color_gradient_stops__hover=\u00bbrgba(0,0,0,0.6) 0%|rgba(0,0,0,0.6) 99%\u00bb use_background_color_gradient__hover=\u00bbon\u00bb][et_pb_text admin_label=\u00bbTexto\u00bb _builder_version=\u00bb4.22.2&#8243; _module_preset=\u00bb07763b0d-75cd-4d4a-83e8-2f3aed515ec5&#8243; header_4_text_color=\u00bb#FFFFFF\u00bb text_orientation=\u00bbcenter\u00bb global_colors_info=\u00bb{}\u00bb]<\/p>\n<h4>\u00a0NAVARDUN<\/h4>\n<p>[\/et_pb_text][et_pb_text _builder_version=\u00bb4.22.2&#8243; _module_preset=\u00bbf56dea0f-8acc-4b6f-8794-813bd97eaee1&#8243; header_3_text_color=\u00bb#FFFFFF\u00bb text_orientation=\u00bbcenter\u00bb custom_margin=\u00bb||10px||false|false\u00bb global_colors_info=\u00bb{}\u00bb]<\/p>\n<h3>DESCUBRE LAS ALTURAS<\/h3>\n<p>[\/et_pb_text][et_pb_button button_url=\u00bbhttps:\/\/turismo.dpz.es\/turismo-cultural\/torreon-de-navardun-y-la-val-donsella\/\u00bb button_text=\u00bbdescubre su interior\u00bb button_alignment=\u00bbcenter\u00bb _builder_version=\u00bb4.22.2&#8243; _module_preset=\u00bbdd077156-91e7-45fd-9b86-08b2ca4e8e5e\u00bb global_colors_info=\u00bb{}\u00bb][\/et_pb_button][\/et_pb_column][et_pb_column type=\u00bb2_5&#8243; _builder_version=\u00bb4.22.2&#8243; _module_preset=\u00bbdefault\u00bb use_background_color_gradient=\u00bbon\u00bb background_color_gradient_stops=\u00bbrgba(0,0,0,0.3) 0%|rgba(0,0,0,0.3) 100%\u00bb background_color_gradient_overlays_image=\u00bbon\u00bb background_image=\u00bbhttps:\/\/alberguesosdelreycatolico.es\/wp-content\/uploads\/2023\/10\/catedral_jaca.jpg\u00bb custom_padding=\u00bb80px|60px|80px|60px|true|true\u00bb custom_padding_tablet=\u00bb30px|30px|30px|30px|true|true\u00bb custom_padding_phone=\u00bb20px|20px|20px|20px|true|true\u00bb custom_padding_last_edited=\u00bbon|desktop\u00bb global_colors_info=\u00bb{}\u00bb background__hover_enabled=\u00bbon|desktop\u00bb background_color_gradient_stops__hover=\u00bbrgba(0,0,0,0.6) 0%|rgba(0,0,0,0.6) 100%\u00bb use_background_color_gradient__hover=\u00bbon\u00bb][et_pb_text admin_label=\u00bbTexto\u00bb _builder_version=\u00bb4.22.2&#8243; _module_preset=\u00bb07763b0d-75cd-4d4a-83e8-2f3aed515ec5&#8243; header_4_text_color=\u00bb#FFFFFF\u00bb text_orientation=\u00bbcenter\u00bb global_colors_info=\u00bb{}\u00bb]<\/p>\n<h4>JACA<\/h4>\n<p>[\/et_pb_text][et_pb_text _builder_version=\u00bb4.22.2&#8243; _module_preset=\u00bbf56dea0f-8acc-4b6f-8794-813bd97eaee1&#8243; header_3_text_color=\u00bb#FFFFFF\u00bb text_orientation=\u00bbcenter\u00bb custom_margin=\u00bb||10px||false|false\u00bb global_colors_info=\u00bb{}\u00bb]<\/p>\n<h3>CUNA DEL ROM\u00c1NICO<\/h3>\n<p>[\/et_pb_text][et_pb_button button_text=\u00bbdescubre \u00bb button_alignment=\u00bbcenter\u00bb _builder_version=\u00bb4.22.2&#8243; _module_preset=\u00bbdd077156-91e7-45fd-9b86-08b2ca4e8e5e\u00bb global_colors_info=\u00bb{}\u00bb][\/et_pb_button][\/et_pb_column][\/et_pb_row][\/et_pb_section]<\/p>\n","protected":false},"excerpt":{"rendered":"<p>QU\u00c9 HACER\u00a0Deporte &amp; NaturalezaMURILLO DE G\u00c1LLEGOTURIMO ACTIVO SOSTENIBLECOMARCA DE LAS CINCO VILLASRUTAS SENDERISTAS DE LEYENDACINCO VILLAS EN BTTAMANTES DE LA BTTNAVARRAFOZ DE LUMBIER Y ARBAIUNCAMINO DE SANTIAGOTRAMO ARAGON\u00c9SCINCO VILLASRIQUEZA PAISAJ\u00cdSTICACINCO VILLAS EN BTTAMANTES DE LA BTTCUNA DEL ROM\u00c1NICOJACA\u00a0Cultura &amp; PatrimonioLOS BA\u00d1ALESYACIMIENTO ROMANO\u00a0UN CASTILLOSIGLOS DE HISTORIA\u00a0BIOTATIERRA DE VIZCONDESS\u00c1DABASIGLOS DE HISTORIA\u00a0NAVARDUNDESCUBRE LAS ALTURASJACACUNA DEL ROM\u00c1NICO<\/p>\n","protected":false},"author":2,"featured_media":0,"comment_status":"open","ping_status":"closed","template":"","meta":{"_et_pb_use_builder":"on","_et_pb_old_content":"","_et_gb_content_width":"","footnotes":""},"project_category":[30],"project_tag":[],"class_list":["post-562","project","type-project","status-publish","hentry","project_category-turismo"],"yoast_head":"<!-- This site is optimized with the Yoast SEO plugin v27.4 - https:\/\/yoast.com\/product\/yoast-seo-wordpress\/ -->\n<title>QU\u00c9 VISITAR CERCA DE SOS DEL REY CAT\u00d3LICO - Albergue de Sos del Rey Cat&oacute;lico<\/title>\n<meta name=\"robots\" content=\"index, follow, max-snippet:-1, max-image-preview:large, max-video-preview:-1\" \/>\n<link rel=\"canonical\" href=\"https:\/\/alberguesosdelreycatolico.es\/index.php\/project\/quevisitarcercadesos\/\" \/>\n<meta property=\"og:locale\" content=\"es_ES\" \/>\n<meta property=\"og:type\" content=\"article\" \/>\n<meta property=\"og:title\" content=\"QU\u00c9 VISITAR CERCA DE SOS DEL REY CAT\u00d3LICO - Albergue de Sos del Rey Cat&oacute;lico\" \/>\n<meta property=\"og:description\" content=\"QU\u00c9 HACER\u00a0Deporte &amp; NaturalezaMURILLO DE G\u00c1LLEGOTURIMO ACTIVO SOSTENIBLECOMARCA DE LAS CINCO VILLASRUTAS SENDERISTAS DE LEYENDACINCO VILLAS EN BTTAMANTES DE LA BTTNAVARRAFOZ DE LUMBIER Y ARBAIUNCAMINO DE SANTIAGOTRAMO ARAGON\u00c9SCINCO VILLASRIQUEZA PAISAJ\u00cdSTICACINCO VILLAS EN BTTAMANTES DE LA BTTCUNA DEL ROM\u00c1NICOJACA\u00a0Cultura &amp; PatrimonioLOS BA\u00d1ALESYACIMIENTO ROMANO\u00a0UN CASTILLOSIGLOS DE HISTORIA\u00a0BIOTATIERRA DE VIZCONDESS\u00c1DABASIGLOS DE HISTORIA\u00a0NAVARDUNDESCUBRE LAS ALTURASJACACUNA DEL ROM\u00c1NICO\" \/>\n<meta property=\"og:url\" content=\"https:\/\/alberguesosdelreycatolico.es\/index.php\/project\/quevisitarcercadesos\/\" \/>\n<meta property=\"og:site_name\" content=\"Albergue de Sos del Rey Cat&oacute;lico\" \/>\n<meta property=\"article:modified_time\" content=\"2023-10-10T09:37:37+00:00\" \/>\n<meta name=\"twitter:card\" content=\"summary_large_image\" \/>\n<meta name=\"twitter:label1\" content=\"Tiempo de lectura\" \/>\n\t<meta name=\"twitter:data1\" content=\"4 minutos\" \/>\n<script type=\"application\/ld+json\" class=\"yoast-schema-graph\">{\"@context\":\"https:\\\/\\\/schema.org\",\"@graph\":[{\"@type\":\"WebPage\",\"@id\":\"https:\\\/\\\/alberguesosdelreycatolico.es\\\/index.php\\\/project\\\/quevisitarcercadesos\\\/\",\"url\":\"https:\\\/\\\/alberguesosdelreycatolico.es\\\/index.php\\\/project\\\/quevisitarcercadesos\\\/\",\"name\":\"QU\u00c9 VISITAR CERCA DE SOS DEL REY CAT\u00d3LICO - Albergue de Sos del Rey Cat&oacute;lico\",\"isPartOf\":{\"@id\":\"https:\\\/\\\/alberguesosdelreycatolico.es\\\/#website\"},\"datePublished\":\"2023-10-09T09:02:14+00:00\",\"dateModified\":\"2023-10-10T09:37:37+00:00\",\"breadcrumb\":{\"@id\":\"https:\\\/\\\/alberguesosdelreycatolico.es\\\/index.php\\\/project\\\/quevisitarcercadesos\\\/#breadcrumb\"},\"inLanguage\":\"es\",\"potentialAction\":[{\"@type\":\"ReadAction\",\"target\":[\"https:\\\/\\\/alberguesosdelreycatolico.es\\\/index.php\\\/project\\\/quevisitarcercadesos\\\/\"]}]},{\"@type\":\"BreadcrumbList\",\"@id\":\"https:\\\/\\\/alberguesosdelreycatolico.es\\\/index.php\\\/project\\\/quevisitarcercadesos\\\/#breadcrumb\",\"itemListElement\":[{\"@type\":\"ListItem\",\"position\":1,\"name\":\"Portada\",\"item\":\"https:\\\/\\\/alberguesosdelreycatolico.es\\\/\"},{\"@type\":\"ListItem\",\"position\":2,\"name\":\"Proyectos\",\"item\":\"https:\\\/\\\/alberguesosdelreycatolico.es\\\/index.php\\\/project\\\/\"},{\"@type\":\"ListItem\",\"position\":3,\"name\":\"QU\u00c9 VISITAR CERCA DE SOS DEL REY CAT\u00d3LICO\"}]},{\"@type\":\"WebSite\",\"@id\":\"https:\\\/\\\/alberguesosdelreycatolico.es\\\/#website\",\"url\":\"https:\\\/\\\/alberguesosdelreycatolico.es\\\/\",\"name\":\"Albergue de Sos del Rey Cat&oacute;lico\",\"description\":\"Tu punto de partida\",\"potentialAction\":[{\"@type\":\"SearchAction\",\"target\":{\"@type\":\"EntryPoint\",\"urlTemplate\":\"https:\\\/\\\/alberguesosdelreycatolico.es\\\/?s={search_term_string}\"},\"query-input\":{\"@type\":\"PropertyValueSpecification\",\"valueRequired\":true,\"valueName\":\"search_term_string\"}}],\"inLanguage\":\"es\"}]}<\/script>\n<!-- \/ Yoast SEO plugin. -->","yoast_head_json":{"title":"QU\u00c9 VISITAR CERCA DE SOS DEL REY CAT\u00d3LICO - Albergue de Sos del Rey Cat&oacute;lico","robots":{"index":"index","follow":"follow","max-snippet":"max-snippet:-1","max-image-preview":"max-image-preview:large","max-video-preview":"max-video-preview:-1"},"canonical":"https:\/\/alberguesosdelreycatolico.es\/index.php\/project\/quevisitarcercadesos\/","og_locale":"es_ES","og_type":"article","og_title":"QU\u00c9 VISITAR CERCA DE SOS DEL REY CAT\u00d3LICO - Albergue de Sos del Rey Cat&oacute;lico","og_description":"QU\u00c9 HACER\u00a0Deporte &amp; NaturalezaMURILLO DE G\u00c1LLEGOTURIMO ACTIVO SOSTENIBLECOMARCA DE LAS CINCO VILLASRUTAS SENDERISTAS DE LEYENDACINCO VILLAS EN BTTAMANTES DE LA BTTNAVARRAFOZ DE LUMBIER Y ARBAIUNCAMINO DE SANTIAGOTRAMO ARAGON\u00c9SCINCO VILLASRIQUEZA PAISAJ\u00cdSTICACINCO VILLAS EN BTTAMANTES DE LA BTTCUNA DEL ROM\u00c1NICOJACA\u00a0Cultura &amp; PatrimonioLOS BA\u00d1ALESYACIMIENTO ROMANO\u00a0UN CASTILLOSIGLOS DE HISTORIA\u00a0BIOTATIERRA DE VIZCONDESS\u00c1DABASIGLOS DE HISTORIA\u00a0NAVARDUNDESCUBRE LAS ALTURASJACACUNA DEL ROM\u00c1NICO","og_url":"https:\/\/alberguesosdelreycatolico.es\/index.php\/project\/quevisitarcercadesos\/","og_site_name":"Albergue de Sos del Rey Cat&oacute;lico","article_modified_time":"2023-10-10T09:37:37+00:00","twitter_card":"summary_large_image","twitter_misc":{"Tiempo de lectura":"4 minutos"},"schema":{"@context":"https:\/\/schema.org","@graph":[{"@type":"WebPage","@id":"https:\/\/alberguesosdelreycatolico.es\/index.php\/project\/quevisitarcercadesos\/","url":"https:\/\/alberguesosdelreycatolico.es\/index.php\/project\/quevisitarcercadesos\/","name":"QU\u00c9 VISITAR CERCA DE SOS DEL REY CAT\u00d3LICO - Albergue de Sos del Rey Cat&oacute;lico","isPartOf":{"@id":"https:\/\/alberguesosdelreycatolico.es\/#website"},"datePublished":"2023-10-09T09:02:14+00:00","dateModified":"2023-10-10T09:37:37+00:00","breadcrumb":{"@id":"https:\/\/alberguesosdelreycatolico.es\/index.php\/project\/quevisitarcercadesos\/#breadcrumb"},"inLanguage":"es","potentialAction":[{"@type":"ReadAction","target":["https:\/\/alberguesosdelreycatolico.es\/index.php\/project\/quevisitarcercadesos\/"]}]},{"@type":"BreadcrumbList","@id":"https:\/\/alberguesosdelreycatolico.es\/index.php\/project\/quevisitarcercadesos\/#breadcrumb","itemListElement":[{"@type":"ListItem","position":1,"name":"Portada","item":"https:\/\/alberguesosdelreycatolico.es\/"},{"@type":"ListItem","position":2,"name":"Proyectos","item":"https:\/\/alberguesosdelreycatolico.es\/index.php\/project\/"},{"@type":"ListItem","position":3,"name":"QU\u00c9 VISITAR CERCA DE SOS DEL REY CAT\u00d3LICO"}]},{"@type":"WebSite","@id":"https:\/\/alberguesosdelreycatolico.es\/#website","url":"https:\/\/alberguesosdelreycatolico.es\/","name":"Albergue de Sos del Rey Cat&oacute;lico","description":"Tu punto de partida","potentialAction":[{"@type":"SearchAction","target":{"@type":"EntryPoint","urlTemplate":"https:\/\/alberguesosdelreycatolico.es\/?s={search_term_string}"},"query-input":{"@type":"PropertyValueSpecification","valueRequired":true,"valueName":"search_term_string"}}],"inLanguage":"es"}]}},"_links":{"self":[{"href":"https:\/\/alberguesosdelreycatolico.es\/index.php\/wp-json\/wp\/v2\/project\/562","targetHints":{"allow":["GET"]}}],"collection":[{"href":"https:\/\/alberguesosdelreycatolico.es\/index.php\/wp-json\/wp\/v2\/project"}],"about":[{"href":"https:\/\/alberguesosdelreycatolico.es\/index.php\/wp-json\/wp\/v2\/types\/project"}],"author":[{"embeddable":true,"href":"https:\/\/alberguesosdelreycatolico.es\/index.php\/wp-json\/wp\/v2\/users\/2"}],"replies":[{"embeddable":true,"href":"https:\/\/alberguesosdelreycatolico.es\/index.php\/wp-json\/wp\/v2\/comments?post=562"}],"version-history":[{"count":28,"href":"https:\/\/alberguesosdelreycatolico.es\/index.php\/wp-json\/wp\/v2\/project\/562\/revisions"}],"predecessor-version":[{"id":799,"href":"https:\/\/alberguesosdelreycatolico.es\/index.php\/wp-json\/wp\/v2\/project\/562\/revisions\/799"}],"wp:attachment":[{"href":"https:\/\/alberguesosdelreycatolico.es\/index.php\/wp-json\/wp\/v2\/media?parent=562"}],"wp:term":[{"taxonomy":"project_category","embeddable":true,"href":"https:\/\/alberguesosdelreycatolico.es\/index.php\/wp-json\/wp\/v2\/project_category?post=562"},{"taxonomy":"project_tag","embeddable":true,"href":"https:\/\/alberguesosdelreycatolico.es\/index.php\/wp-json\/wp\/v2\/project_tag?post=562"}],"curies":[{"name":"wp","href":"https:\/\/api.w.org\/{rel}","templated":true}]}}