{"id":373,"date":"2023-10-06T07:48:09","date_gmt":"2023-10-06T07:48:09","guid":{"rendered":"https:\/\/alberguesosdelreycatolico.es\/?page_id=373"},"modified":"2023-10-10T09:41:15","modified_gmt":"2023-10-10T09:41:15","slug":"que-hacer","status":"publish","type":"page","link":"https:\/\/alberguesosdelreycatolico.es\/index.php\/que-hacer\/","title":{"rendered":"\u00bfQu\u00e9 hacer?"},"content":{"rendered":"<p>[et_pb_section fb_built=\u00bb1&#8243; admin_label=\u00bbQu\u00e9 hacer en Sos\u00bb _builder_version=\u00bb4.22.2&#8243; _module_preset=\u00bbdefault\u00bb custom_padding=\u00bb||0px||false|false\u00bb collapsed=\u00bboff\u00bb global_colors_info=\u00bb{}\u00bb][et_pb_row _builder_version=\u00bb4.22.0&#8243; _module_preset=\u00bbdefault\u00bb global_colors_info=\u00bb{}\u00bb collapsed=\u00bbon\u00bb][et_pb_column type=\u00bb4_4&#8243; _builder_version=\u00bb4.22.0&#8243; _module_preset=\u00bbdefault\u00bb global_colors_info=\u00bb{}\u00bb][et_pb_text _builder_version=\u00bb4.22.2&#8243; _module_preset=\u00bbb93b7015-cd5d-4e58-a627-a8a47e708327&#8243; text_orientation=\u00bbcenter\u00bb global_colors_info=\u00bb{}\u00bb]<\/p>\n<h1 style=\"text-align: center;\"><strong>QU\u00c9 HACER EN SOS<\/strong><\/h1>\n<p>[\/et_pb_text][et_pb_text _builder_version=\u00bb4.22.2&#8243; _module_preset=\u00bbb93b7015-cd5d-4e58-a627-a8a47e708327&#8243; text_orientation=\u00bbcenter\u00bb global_colors_info=\u00bb{}\u00bb]<\/p>\n<h1>Sin coger el coche<\/h1>\n<p>[\/et_pb_text][\/et_pb_column][\/et_pb_row][\/et_pb_section][et_pb_section fb_built=\u00bb1&#8243; admin_label=\u00bbSIN SALIR DE SOS\u00bb _builder_version=\u00bb4.22.2&#8243; _module_preset=\u00bbdefault\u00bb saved_tabs=\u00bball\u00bb collapsed=\u00bboff\u00bb global_colors_info=\u00bb{}\u00bb][et_pb_row column_structure=\u00bb3_5,2_5&#8243; make_equal=\u00bbon\u00bb custom_padding_last_edited=\u00bbon|desktop\u00bb _builder_version=\u00bb4.22.2&#8243; _module_preset=\u00bbdefault\u00bb max_width=\u00bb1440px\u00bb custom_padding_tablet=\u00bb||0px||false|false\u00bb custom_padding_phone=\u00bb||0px||false|false\u00bb collapsed=\u00bboff\u00bb global_colors_info=\u00bb{}\u00bb][et_pb_column type=\u00bb3_5&#8243; _builder_version=\u00bb4.22.2&#8243; _module_preset=\u00bbdefault\u00bb use_background_color_gradient=\u00bbon\u00bb background_color_gradient_stops=\u00bbrgba(0,0,0,0.5) 0%|rgba(0,0,0,0.5) 100%\u00bb background_color_gradient_overlays_image=\u00bbon\u00bb background_image=\u00bbhttps:\/\/alberguesosdelreycatolico.es\/wp-content\/uploads\/2023\/10\/deporte-para-sos.jpeg\u00bb custom_padding=\u00bb80px|60px|80px|60px|true|true\u00bb custom_padding_tablet=\u00bb30px|30px|30px|30px|true|true\u00bb custom_padding_phone=\u00bb20px|20px|20px|20px|true|true\u00bb custom_padding_last_edited=\u00bbon|desktop\u00bb global_colors_info=\u00bb{}\u00bb background__hover_enabled=\u00bbon|hover\u00bb background_color_gradient_stops__hover=\u00bbrgba(0,0,0,0.6) 0%|rgba(0,0,0,0.6) 99%\u00bb use_background_color_gradient__hover=\u00bbon\u00bb][et_pb_text _builder_version=\u00bb4.22.2&#8243; _module_preset=\u00bb07763b0d-75cd-4d4a-83e8-2f3aed515ec5&#8243; header_4_text_color=\u00bb#FFFFFF\u00bb text_orientation=\u00bbcenter\u00bb text_text_shadow_style=\u00bbpreset2&#8243; header_text_shadow_style=\u00bbpreset1&#8243; global_colors_info=\u00bb{}\u00bb]<\/p>\n<h4>DEPORTE<\/h4>\n<p>[\/et_pb_text][et_pb_text _builder_version=\u00bb4.22.2&#8243; _module_preset=\u00bbf56dea0f-8acc-4b6f-8794-813bd97eaee1&#8243; header_3_text_color=\u00bb#FFFFFF\u00bb text_orientation=\u00bbcenter\u00bb custom_margin=\u00bb||10px||false|false\u00bb global_colors_info=\u00bb{}\u00bb]<\/p>\n<h3>AL AIRE LIBRE<\/h3>\n<p>[\/et_pb_text][et_pb_button button_url=\u00bbhttps:\/\/alberguesosdelreycatolico.es\/index.php\/project\/descubre-sos-del-rey-catolico\/\u00bb button_text=\u00bbqu\u00e9 hacer\u00bb button_alignment=\u00bbcenter\u00bb _builder_version=\u00bb4.22.2&#8243; _module_preset=\u00bbdd077156-91e7-45fd-9b86-08b2ca4e8e5e\u00bb hover_enabled=\u00bb0&#8243; global_colors_info=\u00bb{}\u00bb sticky_enabled=\u00bb0&#8243;][\/et_pb_button][\/et_pb_column][et_pb_column type=\u00bb2_5&#8243; _builder_version=\u00bb4.22.2&#8243; _module_preset=\u00bbdefault\u00bb use_background_color_gradient=\u00bbon\u00bb background_color_gradient_stops=\u00bbrgba(0,0,0,0.3) 0%|rgba(0,0,0,0.3) 100%\u00bb background_color_gradient_overlays_image=\u00bbon\u00bb background_image=\u00bbhttps:\/\/alberguesosdelreycatolico.es\/wp-content\/uploads\/2023\/10\/WhatsApp-Image-2023-10-06-at-11.37.13.jpeg\u00bb custom_padding=\u00bb80px|60px|80px|60px|true|true\u00bb custom_padding_tablet=\u00bb30px|30px|30px|30px|true|true\u00bb custom_padding_phone=\u00bb20px|20px|20px|20px|true|true\u00bb custom_padding_last_edited=\u00bbon|desktop\u00bb global_colors_info=\u00bb{}\u00bb background__hover_enabled=\u00bbon|desktop\u00bb background_color_gradient_stops__hover=\u00bbrgba(0,0,0,0.6) 0%|rgba(0,0,0,0.6) 100%\u00bb use_background_color_gradient__hover=\u00bbon\u00bb][et_pb_text _builder_version=\u00bb4.22.2&#8243; _module_preset=\u00bb07763b0d-75cd-4d4a-83e8-2f3aed515ec5&#8243; header_4_text_color=\u00bb#FFFFFF\u00bb text_orientation=\u00bbcenter\u00bb text_text_shadow_style=\u00bbpreset2&#8243; header_text_shadow_style=\u00bbpreset1&#8243; global_colors_info=\u00bb{}\u00bb]<\/p>\n<h4>CULTURA<\/h4>\n<p>[\/et_pb_text][et_pb_text _builder_version=\u00bb4.22.2&#8243; _module_preset=\u00bbf56dea0f-8acc-4b6f-8794-813bd97eaee1&#8243; header_3_text_color=\u00bb#FFFFFF\u00bb text_orientation=\u00bbcenter\u00bb custom_margin=\u00bb||10px||false|false\u00bb global_colors_info=\u00bb{}\u00bb]<\/p>\n<h3>UN ENTORNO ESPECIAL<\/h3>\n<p>[\/et_pb_text][et_pb_button button_url=\u00bbhttps:\/\/alberguesosdelreycatolico.es\/index.php\/project\/descubre-sos-del-rey-catolico\/\u00bb button_text=\u00bbqu\u00e9 hacer\u00bb button_alignment=\u00bbcenter\u00bb _builder_version=\u00bb4.22.2&#8243; _module_preset=\u00bbdd077156-91e7-45fd-9b86-08b2ca4e8e5e\u00bb hover_enabled=\u00bb0&#8243; global_colors_info=\u00bb{}\u00bb sticky_enabled=\u00bb0&#8243;][\/et_pb_button][\/et_pb_column][\/et_pb_row][et_pb_row column_structure=\u00bb2_5,3_5&#8243; make_equal=\u00bbon\u00bb _builder_version=\u00bb4.22.2&#8243; _module_preset=\u00bbdefault\u00bb max_width=\u00bb1440px\u00bb global_colors_info=\u00bb{}\u00bb][et_pb_column type=\u00bb2_5&#8243; _builder_version=\u00bb4.22.2&#8243; _module_preset=\u00bbdefault\u00bb use_background_color_gradient=\u00bbon\u00bb background_color_gradient_stops=\u00bbrgba(0,0,0,0.3) 0%|rgba(0,0,0,0.3) 100%\u00bb background_color_gradient_overlays_image=\u00bbon\u00bb background_image=\u00bbhttps:\/\/alberguesosdelreycatolico.es\/wp-content\/uploads\/2023\/10\/comer.jpeg\u00bb custom_padding=\u00bb60px|60px|60px|60px|true|true\u00bb custom_padding_tablet=\u00bb30px|30px|30px|30px|true|true\u00bb custom_padding_phone=\u00bb20px|20px|20px|20px|true|true\u00bb custom_padding_last_edited=\u00bbon|desktop\u00bb global_colors_info=\u00bb{}\u00bb background__hover_enabled=\u00bbon|desktop\u00bb background_color_gradient_stops__hover=\u00bbrgba(0,0,0,0.6) 0%|rgba(0,0,0,0.6) 100%\u00bb use_background_color_gradient__hover=\u00bbon\u00bb][et_pb_text _builder_version=\u00bb4.22.2&#8243; _module_preset=\u00bb07763b0d-75cd-4d4a-83e8-2f3aed515ec5&#8243; header_4_text_color=\u00bb#FFFFFF\u00bb text_orientation=\u00bbcenter\u00bb text_text_shadow_style=\u00bbpreset2&#8243; header_text_shadow_style=\u00bbpreset1&#8243; global_colors_info=\u00bb{}\u00bb]<\/p>\n<h4>GASTRONOM\u00cdA<\/h4>\n<p>[\/et_pb_text][et_pb_text _builder_version=\u00bb4.22.2&#8243; _module_preset=\u00bbf56dea0f-8acc-4b6f-8794-813bd97eaee1&#8243; header_3_text_color=\u00bb#FFFFFF\u00bb text_orientation=\u00bbcenter\u00bb custom_margin=\u00bb||10px||false|false\u00bb global_colors_info=\u00bb{}\u00bb]<\/p>\n<h3>EL SABOR DE SOS<\/h3>\n<p>[\/et_pb_text][et_pb_button button_url=\u00bbhttps:\/\/alberguesosdelreycatolico.es\/index.php\/project\/descubre-sos-del-rey-catolico\/\u00bb button_text=\u00bbd\u00f3nde comer\u00bb button_alignment=\u00bbcenter\u00bb _builder_version=\u00bb4.22.2&#8243; _module_preset=\u00bbdd077156-91e7-45fd-9b86-08b2ca4e8e5e\u00bb hover_enabled=\u00bb0&#8243; locked=\u00bboff\u00bb global_colors_info=\u00bb{}\u00bb sticky_enabled=\u00bb0&#8243;][\/et_pb_button][\/et_pb_column][et_pb_column type=\u00bb3_5&#8243; _builder_version=\u00bb4.22.2&#8243; _module_preset=\u00bbdefault\u00bb use_background_color_gradient=\u00bbon\u00bb background_color_gradient_stops=\u00bbrgba(0,0,0,0.4) 0%|rgba(0,0,0,0.4) 100%\u00bb background_color_gradient_overlays_image=\u00bbon\u00bb background_image=\u00bbhttps:\/\/alberguesosdelreycatolico.es\/wp-content\/uploads\/2023\/10\/WhatsApp-Image-2023-10-06-at-11.19.53-1.jpeg\u00bb custom_padding=\u00bb60px|60px|60px|60px|true|true\u00bb custom_padding_tablet=\u00bb30px|30px|30px|30px|true|true\u00bb custom_padding_phone=\u00bb20px|20px|20px|20px|true|true\u00bb custom_padding_last_edited=\u00bbon|desktop\u00bb global_colors_info=\u00bb{}\u00bb background__hover_enabled=\u00bbon|desktop\u00bb background_color_gradient_stops__hover=\u00bbrgba(0,0,0,0.6) 0%|rgba(0,0,0,0.6) 100%\u00bb use_background_color_gradient__hover=\u00bbon\u00bb][et_pb_text _builder_version=\u00bb4.22.2&#8243; _module_preset=\u00bb07763b0d-75cd-4d4a-83e8-2f3aed515ec5&#8243; header_4_text_color=\u00bb#FFFFFF\u00bb text_orientation=\u00bbcenter\u00bb text_text_shadow_style=\u00bbpreset2&#8243; header_text_shadow_style=\u00bbpreset1&#8243; global_colors_info=\u00bb{}\u00bb]<\/p>\n<h4>CULTURA<\/h4>\n<p>[\/et_pb_text][et_pb_text _builder_version=\u00bb4.22.2&#8243; _module_preset=\u00bbf56dea0f-8acc-4b6f-8794-813bd97eaee1&#8243; header_3_text_color=\u00bb#FFFFFF\u00bb text_orientation=\u00bbcenter\u00bb custom_margin=\u00bb||10px||false|false\u00bb global_colors_info=\u00bb{}\u00bb]<\/p>\n<h3>UN PATRIMONIO \u00daNICO<\/h3>\n<p>[\/et_pb_text][et_pb_button button_text=\u00bbqu\u00e9 visitar\u00bb button_alignment=\u00bbcenter\u00bb _builder_version=\u00bb4.22.2&#8243; _module_preset=\u00bbdd077156-91e7-45fd-9b86-08b2ca4e8e5e\u00bb hover_enabled=\u00bb0&#8243; locked=\u00bboff\u00bb global_colors_info=\u00bb{}\u00bb button_url=\u00bbhttps:\/\/alberguesosdelreycatolico.es\/index.php\/project\/descubre-sos-del-rey-catolico\/\u00bb sticky_enabled=\u00bb0&#8243;][\/et_pb_button][\/et_pb_column][\/et_pb_row][\/et_pb_section][et_pb_section fb_built=\u00bb1&#8243; admin_label=\u00bbmuy cerca de sos\u00bb _builder_version=\u00bb4.22.2&#8243; _module_preset=\u00bbdefault\u00bb saved_tabs=\u00bball\u00bb collapsed=\u00bboff\u00bb global_colors_info=\u00bb{}\u00bb][et_pb_row _builder_version=\u00bb4.22.0&#8243; _module_preset=\u00bbdefault\u00bb global_colors_info=\u00bb{}\u00bb][et_pb_column type=\u00bb4_4&#8243; _builder_version=\u00bb4.22.0&#8243; _module_preset=\u00bbdefault\u00bb global_colors_info=\u00bb{}\u00bb][et_pb_text _builder_version=\u00bb4.22.2&#8243; _module_preset=\u00bbb93b7015-cd5d-4e58-a627-a8a47e708327&#8243; text_orientation=\u00bbcenter\u00bb global_colors_info=\u00bb{}\u00bb]<\/p>\n<h1 style=\"text-align: center;\"><strong>Muy cerca de Sos<\/strong><\/h1>\n<p>[\/et_pb_text][et_pb_text _builder_version=\u00bb4.22.2&#8243; _module_preset=\u00bbf56dea0f-8acc-4b6f-8794-813bd97eaee1&#8243; header_3_text_color=\u00bb#FFFFFF\u00bb text_orientation=\u00bbcenter\u00bb custom_margin=\u00bb||10px||false|false\u00bb global_colors_info=\u00bb{}\u00bb]<\/p>\n<h3 style=\"text-align: center;\">No te puedes perder<\/h3>\n<p>[\/et_pb_text][\/et_pb_column][\/et_pb_row][et_pb_row column_structure=\u00bb3_5,2_5&#8243; make_equal=\u00bbon\u00bb custom_padding_last_edited=\u00bbon|desktop\u00bb _builder_version=\u00bb4.22.2&#8243; _module_preset=\u00bbdefault\u00bb max_width=\u00bb1440px\u00bb custom_padding_tablet=\u00bb||0px||false|false\u00bb custom_padding_phone=\u00bb||0px||false|false\u00bb global_colors_info=\u00bb{}\u00bb][et_pb_column type=\u00bb3_5&#8243; _builder_version=\u00bb4.22.2&#8243; _module_preset=\u00bbdefault\u00bb use_background_color_gradient=\u00bbon\u00bb background_color_gradient_stops=\u00bbrgba(0,0,0,0.5) 0%|rgba(0,0,0,0.5) 100%\u00bb background_color_gradient_overlays_image=\u00bbon\u00bb background_image=\u00bbhttps:\/\/alberguesosdelreycatolico.es\/wp-content\/uploads\/2023\/10\/WhatsApp-Image-2023-10-06-at-14.38.44.jpeg\u00bb custom_padding=\u00bb80px|60px|80px|60px|true|true\u00bb custom_padding_tablet=\u00bb30px|30px|30px|30px|true|true\u00bb custom_padding_phone=\u00bb20px|20px|20px|20px|true|true\u00bb custom_padding_last_edited=\u00bbon|desktop\u00bb global_colors_info=\u00bb{}\u00bb background__hover_enabled=\u00bbon|hover\u00bb background_color_gradient_stops__hover=\u00bbrgba(0,0,0,0.6) 0%|rgba(0,0,0,0.6) 99%\u00bb use_background_color_gradient__hover=\u00bbon\u00bb][et_pb_text admin_label=\u00bbTexto\u00bb _builder_version=\u00bb4.22.2&#8243; _module_preset=\u00bb07763b0d-75cd-4d4a-83e8-2f3aed515ec5&#8243; header_4_text_color=\u00bb#FFFFFF\u00bb text_orientation=\u00bbcenter\u00bb global_colors_info=\u00bb{}\u00bb]<\/p>\n<h4>DEPORTE<\/h4>\n<p>[\/et_pb_text][et_pb_text _builder_version=\u00bb4.22.2&#8243; _module_preset=\u00bbf56dea0f-8acc-4b6f-8794-813bd97eaee1&#8243; header_3_text_color=\u00bb#FFFFFF\u00bb text_orientation=\u00bbcenter\u00bb custom_margin=\u00bb||10px||false|false\u00bb global_colors_info=\u00bb{}\u00bb]<\/p>\n<h3>NATURALEZA EN ESTADO PURO<\/h3>\n<p>[\/et_pb_text][et_pb_button button_text=\u00bbqu\u00e9 hacer\u00bb button_alignment=\u00bbcenter\u00bb _builder_version=\u00bb4.22.2&#8243; _module_preset=\u00bbdd077156-91e7-45fd-9b86-08b2ca4e8e5e\u00bb hover_enabled=\u00bb0&#8243; global_colors_info=\u00bb{}\u00bb button_url=\u00bbhttps:\/\/alberguesosdelreycatolico.es\/index.php\/project\/quevisitarcercadesos\/\u00bb sticky_enabled=\u00bb0&#8243;][\/et_pb_button][\/et_pb_column][et_pb_column type=\u00bb2_5&#8243; _builder_version=\u00bb4.22.2&#8243; _module_preset=\u00bbdefault\u00bb use_background_color_gradient=\u00bbon\u00bb background_color_gradient_stops=\u00bbrgba(0,0,0,0.3) 0%|rgba(0,0,0,0.3) 100%\u00bb background_color_gradient_overlays_image=\u00bbon\u00bb background_image=\u00bbhttps:\/\/alberguesosdelreycatolico.es\/wp-content\/uploads\/2023\/10\/Los-Banales-Uncastillo-Archivo-Prames-2.jpg\u00bb custom_padding=\u00bb80px|60px|80px|60px|true|true\u00bb custom_padding_tablet=\u00bb30px|30px|30px|30px|true|true\u00bb custom_padding_phone=\u00bb20px|20px|20px|20px|true|true\u00bb custom_padding_last_edited=\u00bbon|desktop\u00bb global_colors_info=\u00bb{}\u00bb background__hover_enabled=\u00bbon|desktop\u00bb background_color_gradient_stops__hover=\u00bbrgba(0,0,0,0.6) 0%|rgba(0,0,0,0.6) 100%\u00bb use_background_color_gradient__hover=\u00bbon\u00bb][et_pb_text admin_label=\u00bbTexto\u00bb _builder_version=\u00bb4.22.2&#8243; _module_preset=\u00bb07763b0d-75cd-4d4a-83e8-2f3aed515ec5&#8243; header_4_text_color=\u00bb#FFFFFF\u00bb text_orientation=\u00bbcenter\u00bb global_colors_info=\u00bb{}\u00bb]<\/p>\n<h4>PATRIMONIO<\/h4>\n<p>[\/et_pb_text][et_pb_text _builder_version=\u00bb4.22.2&#8243; _module_preset=\u00bbf56dea0f-8acc-4b6f-8794-813bd97eaee1&#8243; header_3_text_color=\u00bb#FFFFFF\u00bb text_orientation=\u00bbcenter\u00bb custom_margin=\u00bb||10px||false|false\u00bb global_colors_info=\u00bb{}\u00bb]<\/p>\n<h3>SIGLOS DE HISTORIA<\/h3>\n<p>[\/et_pb_text][et_pb_button button_text=\u00bbqu\u00e9 hacer\u00bb button_alignment=\u00bbcenter\u00bb _builder_version=\u00bb4.22.2&#8243; _module_preset=\u00bbdd077156-91e7-45fd-9b86-08b2ca4e8e5e\u00bb hover_enabled=\u00bb0&#8243; global_colors_info=\u00bb{}\u00bb button_url=\u00bbhttps:\/\/alberguesosdelreycatolico.es\/index.php\/project\/quevisitarcercadesos\/\u00bb sticky_enabled=\u00bb0&#8243;][\/et_pb_button][\/et_pb_column][\/et_pb_row][et_pb_row column_structure=\u00bb2_5,3_5&#8243; make_equal=\u00bbon\u00bb _builder_version=\u00bb4.22.2&#8243; _module_preset=\u00bbdefault\u00bb max_width=\u00bb1440px\u00bb global_colors_info=\u00bb{}\u00bb][et_pb_column type=\u00bb2_5&#8243; _builder_version=\u00bb4.22.2&#8243; _module_preset=\u00bbdefault\u00bb use_background_color_gradient=\u00bbon\u00bb background_color_gradient_stops=\u00bbrgba(0,0,0,0.3) 0%|rgba(0,0,0,0.3) 100%\u00bb background_color_gradient_overlays_image=\u00bbon\u00bb background_image=\u00bbhttps:\/\/alberguesosdelreycatolico.es\/wp-content\/uploads\/2023\/08\/cf867204-ef3d-4476-a6c7-479785306511.jpg\u00bb custom_padding=\u00bb60px|60px|60px|60px|true|true\u00bb custom_padding_tablet=\u00bb30px|30px|30px|30px|true|true\u00bb custom_padding_phone=\u00bb20px|20px|20px|20px|true|true\u00bb custom_padding_last_edited=\u00bbon|desktop\u00bb global_colors_info=\u00bb{}\u00bb background__hover_enabled=\u00bbon|desktop\u00bb background_color_gradient_stops__hover=\u00bbrgba(0,0,0,0.6) 0%|rgba(0,0,0,0.6) 100%\u00bb use_background_color_gradient__hover=\u00bbon\u00bb][et_pb_text _builder_version=\u00bb4.22.2&#8243; _module_preset=\u00bb07763b0d-75cd-4d4a-83e8-2f3aed515ec5&#8243; header_4_text_color=\u00bb#FFFFFF\u00bb text_orientation=\u00bbcenter\u00bb hover_enabled=\u00bb0&#8243; global_colors_info=\u00bb{}\u00bb sticky_enabled=\u00bb0&#8243;]<\/p>\n<p>PARA VISITAR<\/p>\n<p>[\/et_pb_text][et_pb_text _builder_version=\u00bb4.22.2&#8243; _module_preset=\u00bbf56dea0f-8acc-4b6f-8794-813bd97eaee1&#8243; header_3_text_color=\u00bb#FFFFFF\u00bb text_orientation=\u00bbcenter\u00bb custom_margin=\u00bb||10px||false|false\u00bb hover_enabled=\u00bb0&#8243; global_colors_info=\u00bb{}\u00bb sticky_enabled=\u00bb0&#8243;]<\/p>\n<h3>EN LA VECINA NAVARRA<\/h3>\n<p>[\/et_pb_text][et_pb_button button_text=\u00bbd\u00f3nde comer\u00bb button_alignment=\u00bbcenter\u00bb _builder_version=\u00bb4.22.2&#8243; _module_preset=\u00bbdd077156-91e7-45fd-9b86-08b2ca4e8e5e\u00bb hover_enabled=\u00bb0&#8243; locked=\u00bboff\u00bb global_colors_info=\u00bb{}\u00bb button_url=\u00bbhttps:\/\/alberguesosdelreycatolico.es\/index.php\/project\/quevisitarcercadesos\/\u00bb sticky_enabled=\u00bb0&#8243;][\/et_pb_button][\/et_pb_column][et_pb_column type=\u00bb3_5&#8243; _builder_version=\u00bb4.22.2&#8243; _module_preset=\u00bbdefault\u00bb use_background_color_gradient=\u00bbon\u00bb background_color_gradient_stops=\u00bbrgba(0,0,0,0.4) 0%|rgba(0,0,0,0.4) 100%\u00bb background_color_gradient_overlays_image=\u00bbon\u00bb background_image=\u00bbhttps:\/\/alberguesosdelreycatolico.es\/wp-content\/uploads\/2023\/10\/SOS-DEL-REY.jpg\u00bb custom_padding=\u00bb60px|60px|60px|60px|true|true\u00bb custom_padding_tablet=\u00bb30px|30px|30px|30px|true|true\u00bb custom_padding_phone=\u00bb20px|20px|20px|20px|true|true\u00bb custom_padding_last_edited=\u00bbon|desktop\u00bb global_colors_info=\u00bb{}\u00bb background__hover_enabled=\u00bbon|desktop\u00bb background_color_gradient_stops__hover=\u00bbrgba(0,0,0,0.6) 0%|rgba(0,0,0,0.6) 100%\u00bb use_background_color_gradient__hover=\u00bbon\u00bb][\/et_pb_column][\/et_pb_row][\/et_pb_section]<\/p>\n","protected":false},"excerpt":{"rendered":"<p>QU\u00c9 HACER EN SOSSin coger el cocheDEPORTEAL AIRE LIBRECULTURAUN ENTORNO ESPECIALGASTRONOM\u00cdAEL SABOR DE SOSCULTURAUN PATRIMONIO \u00daNICOMuy cerca de SosNo te puedes perderDEPORTENATURALEZA EN ESTADO PUROPATRIMONIOSIGLOS DE HISTORIAPARA VISITAREN LA VECINA NAVARRA<\/p>\n","protected":false},"author":2,"featured_media":792,"parent":0,"menu_order":0,"comment_status":"closed","ping_status":"closed","template":"","meta":{"_et_pb_use_builder":"on","_et_pb_old_content":"","_et_gb_content_width":"","footnotes":""},"class_list":["post-373","page","type-page","status-publish","has-post-thumbnail","hentry"],"yoast_head":"<!-- This site is optimized with the Yoast SEO plugin v27.4 - https:\/\/yoast.com\/product\/yoast-seo-wordpress\/ -->\n<title>\u00bfQu\u00e9 hacer? - Albergue de Sos del Rey Cat&oacute;lico<\/title>\n<meta name=\"robots\" content=\"index, follow, max-snippet:-1, max-image-preview:large, max-video-preview:-1\" \/>\n<link rel=\"canonical\" href=\"https:\/\/alberguesosdelreycatolico.es\/index.php\/que-hacer\/\" \/>\n<meta property=\"og:locale\" content=\"es_ES\" \/>\n<meta property=\"og:type\" content=\"article\" \/>\n<meta property=\"og:title\" content=\"\u00bfQu\u00e9 hacer? - Albergue de Sos del Rey Cat&oacute;lico\" \/>\n<meta property=\"og:description\" content=\"QU\u00c9 HACER EN SOSSin coger el cocheDEPORTEAL AIRE LIBRECULTURAUN ENTORNO ESPECIALGASTRONOM\u00cdAEL SABOR DE SOSCULTURAUN PATRIMONIO \u00daNICOMuy cerca de SosNo te puedes perderDEPORTENATURALEZA EN ESTADO PUROPATRIMONIOSIGLOS DE HISTORIAPARA VISITAREN LA VECINA NAVARRA\" \/>\n<meta property=\"og:url\" content=\"https:\/\/alberguesosdelreycatolico.es\/index.php\/que-hacer\/\" \/>\n<meta property=\"og:site_name\" content=\"Albergue de Sos del Rey Cat&oacute;lico\" \/>\n<meta property=\"article:modified_time\" content=\"2023-10-10T09:41:15+00:00\" \/>\n<meta property=\"og:image\" content=\"https:\/\/alberguesosdelreycatolico.es\/wp-content\/uploads\/2023\/10\/visita-a-SOS-1-min-scaled.jpg\" \/>\n\t<meta property=\"og:image:width\" content=\"2560\" \/>\n\t<meta property=\"og:image:height\" content=\"1920\" \/>\n\t<meta property=\"og:image:type\" content=\"image\/jpeg\" \/>\n<meta name=\"twitter:card\" content=\"summary_large_image\" \/>\n<meta name=\"twitter:label1\" content=\"Tiempo de lectura\" \/>\n\t<meta name=\"twitter:data1\" content=\"3 minutos\" \/>\n<script type=\"application\/ld+json\" class=\"yoast-schema-graph\">{\"@context\":\"https:\\\/\\\/schema.org\",\"@graph\":[{\"@type\":\"WebPage\",\"@id\":\"https:\\\/\\\/alberguesosdelreycatolico.es\\\/index.php\\\/que-hacer\\\/\",\"url\":\"https:\\\/\\\/alberguesosdelreycatolico.es\\\/index.php\\\/que-hacer\\\/\",\"name\":\"\u00bfQu\u00e9 hacer? - Albergue de Sos del Rey Cat&oacute;lico\",\"isPartOf\":{\"@id\":\"https:\\\/\\\/alberguesosdelreycatolico.es\\\/#website\"},\"primaryImageOfPage\":{\"@id\":\"https:\\\/\\\/alberguesosdelreycatolico.es\\\/index.php\\\/que-hacer\\\/#primaryimage\"},\"image\":{\"@id\":\"https:\\\/\\\/alberguesosdelreycatolico.es\\\/index.php\\\/que-hacer\\\/#primaryimage\"},\"thumbnailUrl\":\"https:\\\/\\\/alberguesosdelreycatolico.es\\\/wp-content\\\/uploads\\\/2023\\\/10\\\/visita-a-SOS-1-min-scaled.jpg\",\"datePublished\":\"2023-10-06T07:48:09+00:00\",\"dateModified\":\"2023-10-10T09:41:15+00:00\",\"breadcrumb\":{\"@id\":\"https:\\\/\\\/alberguesosdelreycatolico.es\\\/index.php\\\/que-hacer\\\/#breadcrumb\"},\"inLanguage\":\"es\",\"potentialAction\":[{\"@type\":\"ReadAction\",\"target\":[\"https:\\\/\\\/alberguesosdelreycatolico.es\\\/index.php\\\/que-hacer\\\/\"]}]},{\"@type\":\"ImageObject\",\"inLanguage\":\"es\",\"@id\":\"https:\\\/\\\/alberguesosdelreycatolico.es\\\/index.php\\\/que-hacer\\\/#primaryimage\",\"url\":\"https:\\\/\\\/alberguesosdelreycatolico.es\\\/wp-content\\\/uploads\\\/2023\\\/10\\\/visita-a-SOS-1-min-scaled.jpg\",\"contentUrl\":\"https:\\\/\\\/alberguesosdelreycatolico.es\\\/wp-content\\\/uploads\\\/2023\\\/10\\\/visita-a-SOS-1-min-scaled.jpg\",\"width\":2560,\"height\":1920,\"caption\":\"descubre el castillo de sos del rey catolico y al\u00f3jate en el albergue\"},{\"@type\":\"BreadcrumbList\",\"@id\":\"https:\\\/\\\/alberguesosdelreycatolico.es\\\/index.php\\\/que-hacer\\\/#breadcrumb\",\"itemListElement\":[{\"@type\":\"ListItem\",\"position\":1,\"name\":\"Portada\",\"item\":\"https:\\\/\\\/alberguesosdelreycatolico.es\\\/\"},{\"@type\":\"ListItem\",\"position\":2,\"name\":\"\u00bfQu\u00e9 hacer?\"}]},{\"@type\":\"WebSite\",\"@id\":\"https:\\\/\\\/alberguesosdelreycatolico.es\\\/#website\",\"url\":\"https:\\\/\\\/alberguesosdelreycatolico.es\\\/\",\"name\":\"Albergue de Sos del Rey Cat&oacute;lico\",\"description\":\"Tu punto de partida\",\"potentialAction\":[{\"@type\":\"SearchAction\",\"target\":{\"@type\":\"EntryPoint\",\"urlTemplate\":\"https:\\\/\\\/alberguesosdelreycatolico.es\\\/?s={search_term_string}\"},\"query-input\":{\"@type\":\"PropertyValueSpecification\",\"valueRequired\":true,\"valueName\":\"search_term_string\"}}],\"inLanguage\":\"es\"}]}<\/script>\n<!-- \/ Yoast SEO plugin. -->","yoast_head_json":{"title":"\u00bfQu\u00e9 hacer? - Albergue de Sos del Rey Cat&oacute;lico","robots":{"index":"index","follow":"follow","max-snippet":"max-snippet:-1","max-image-preview":"max-image-preview:large","max-video-preview":"max-video-preview:-1"},"canonical":"https:\/\/alberguesosdelreycatolico.es\/index.php\/que-hacer\/","og_locale":"es_ES","og_type":"article","og_title":"\u00bfQu\u00e9 hacer? - Albergue de Sos del Rey Cat&oacute;lico","og_description":"QU\u00c9 HACER EN SOSSin coger el cocheDEPORTEAL AIRE LIBRECULTURAUN ENTORNO ESPECIALGASTRONOM\u00cdAEL SABOR DE SOSCULTURAUN PATRIMONIO \u00daNICOMuy cerca de SosNo te puedes perderDEPORTENATURALEZA EN ESTADO PUROPATRIMONIOSIGLOS DE HISTORIAPARA VISITAREN LA VECINA NAVARRA","og_url":"https:\/\/alberguesosdelreycatolico.es\/index.php\/que-hacer\/","og_site_name":"Albergue de Sos del Rey Cat&oacute;lico","article_modified_time":"2023-10-10T09:41:15+00:00","og_image":[{"width":2560,"height":1920,"url":"https:\/\/alberguesosdelreycatolico.es\/wp-content\/uploads\/2023\/10\/visita-a-SOS-1-min-scaled.jpg","type":"image\/jpeg"}],"twitter_card":"summary_large_image","twitter_misc":{"Tiempo de lectura":"3 minutos"},"schema":{"@context":"https:\/\/schema.org","@graph":[{"@type":"WebPage","@id":"https:\/\/alberguesosdelreycatolico.es\/index.php\/que-hacer\/","url":"https:\/\/alberguesosdelreycatolico.es\/index.php\/que-hacer\/","name":"\u00bfQu\u00e9 hacer? - Albergue de Sos del Rey Cat&oacute;lico","isPartOf":{"@id":"https:\/\/alberguesosdelreycatolico.es\/#website"},"primaryImageOfPage":{"@id":"https:\/\/alberguesosdelreycatolico.es\/index.php\/que-hacer\/#primaryimage"},"image":{"@id":"https:\/\/alberguesosdelreycatolico.es\/index.php\/que-hacer\/#primaryimage"},"thumbnailUrl":"https:\/\/alberguesosdelreycatolico.es\/wp-content\/uploads\/2023\/10\/visita-a-SOS-1-min-scaled.jpg","datePublished":"2023-10-06T07:48:09+00:00","dateModified":"2023-10-10T09:41:15+00:00","breadcrumb":{"@id":"https:\/\/alberguesosdelreycatolico.es\/index.php\/que-hacer\/#breadcrumb"},"inLanguage":"es","potentialAction":[{"@type":"ReadAction","target":["https:\/\/alberguesosdelreycatolico.es\/index.php\/que-hacer\/"]}]},{"@type":"ImageObject","inLanguage":"es","@id":"https:\/\/alberguesosdelreycatolico.es\/index.php\/que-hacer\/#primaryimage","url":"https:\/\/alberguesosdelreycatolico.es\/wp-content\/uploads\/2023\/10\/visita-a-SOS-1-min-scaled.jpg","contentUrl":"https:\/\/alberguesosdelreycatolico.es\/wp-content\/uploads\/2023\/10\/visita-a-SOS-1-min-scaled.jpg","width":2560,"height":1920,"caption":"descubre el castillo de sos del rey catolico y al\u00f3jate en el albergue"},{"@type":"BreadcrumbList","@id":"https:\/\/alberguesosdelreycatolico.es\/index.php\/que-hacer\/#breadcrumb","itemListElement":[{"@type":"ListItem","position":1,"name":"Portada","item":"https:\/\/alberguesosdelreycatolico.es\/"},{"@type":"ListItem","position":2,"name":"\u00bfQu\u00e9 hacer?"}]},{"@type":"WebSite","@id":"https:\/\/alberguesosdelreycatolico.es\/#website","url":"https:\/\/alberguesosdelreycatolico.es\/","name":"Albergue de Sos del Rey Cat&oacute;lico","description":"Tu punto de partida","potentialAction":[{"@type":"SearchAction","target":{"@type":"EntryPoint","urlTemplate":"https:\/\/alberguesosdelreycatolico.es\/?s={search_term_string}"},"query-input":{"@type":"PropertyValueSpecification","valueRequired":true,"valueName":"search_term_string"}}],"inLanguage":"es"}]}},"_links":{"self":[{"href":"https:\/\/alberguesosdelreycatolico.es\/index.php\/wp-json\/wp\/v2\/pages\/373","targetHints":{"allow":["GET"]}}],"collection":[{"href":"https:\/\/alberguesosdelreycatolico.es\/index.php\/wp-json\/wp\/v2\/pages"}],"about":[{"href":"https:\/\/alberguesosdelreycatolico.es\/index.php\/wp-json\/wp\/v2\/types\/page"}],"author":[{"embeddable":true,"href":"https:\/\/alberguesosdelreycatolico.es\/index.php\/wp-json\/wp\/v2\/users\/2"}],"replies":[{"embeddable":true,"href":"https:\/\/alberguesosdelreycatolico.es\/index.php\/wp-json\/wp\/v2\/comments?post=373"}],"version-history":[{"count":57,"href":"https:\/\/alberguesosdelreycatolico.es\/index.php\/wp-json\/wp\/v2\/pages\/373\/revisions"}],"predecessor-version":[{"id":801,"href":"https:\/\/alberguesosdelreycatolico.es\/index.php\/wp-json\/wp\/v2\/pages\/373\/revisions\/801"}],"wp:featuredmedia":[{"embeddable":true,"href":"https:\/\/alberguesosdelreycatolico.es\/index.php\/wp-json\/wp\/v2\/media\/792"}],"wp:attachment":[{"href":"https:\/\/alberguesosdelreycatolico.es\/index.php\/wp-json\/wp\/v2\/media?parent=373"}],"curies":[{"name":"wp","href":"https:\/\/api.w.org\/{rel}","templated":true}]}}